{"id":70541,"date":"2025-11-04T19:04:30","date_gmt":"2025-11-04T18:04:30","guid":{"rendered":"https:\/\/academy.clarissaglow.ch\/course\/asian-natural-facelift-cours-inspire-de-kobido-niveau-3-copie\/"},"modified":"2026-04-02T19:34:32","modified_gmt":"2026-04-02T17:34:32","slug":"formation-facialiste-clarissaglow-cademy","status":"publish","type":"course","link":"https:\/\/academy.clarissaglow.ch\/fr\/course\/formation-facialiste-clarissaglow-cademy\/","title":{"rendered":"Dipl\u00f4me de Facialiste Naturel Asiatique"},"content":{"rendered":"\t\t<div data-elementor-type=\"wp-post\" data-elementor-id=\"70541\" class=\"elementor elementor-70541 elementor-70533\" data-elementor-post-type=\"course\">\n\t\t\t\t<div data-particle_enable=\"false\" data-particle-mobile-disabled=\"false\" class=\"elementor-element elementor-element-30860f7 e-flex e-con-boxed wpr-particle-no wpr-jarallax-no wpr-parallax-no wpr-sticky-section-no wpr-equal-height-no e-con e-parent\" data-id=\"30860f7\" data-element_type=\"container\" data-e-type=\"container\">\n\t\t\t\t\t<div class=\"e-con-inner\">\n\t\t<div data-particle_enable=\"false\" data-particle-mobile-disabled=\"false\" class=\"elementor-element elementor-element-f79c980 e-con-full e-flex wpr-particle-no wpr-jarallax-no wpr-parallax-no wpr-sticky-section-no wpr-equal-height-no e-con e-child\" data-id=\"f79c980\" data-element_type=\"container\" data-e-type=\"container\">\n\t\t\t\t<div class=\"elementor-element elementor-element-a0a12aa elementor-widget elementor-widget-image\" data-id=\"a0a12aa\" data-element_type=\"widget\" data-e-type=\"widget\" data-widget_type=\"image.default\">\n\t\t\t\t<div class=\"elementor-widget-container\">\n\t\t\t\t\t\t\t\t\t\t\t\t\t\t\t<img decoding=\"async\" src=\"https:\/\/academy.clarissaglow.ch\/wp-content\/uploads\/elementor\/thumbs\/Clarissaglow-Pictures-website-3-re6gq4vps18ye2itn132q5c9458z5vjixxi3qxpyg0.jpg\" title=\"Clarissaglow Pictures website (3)\" alt=\"Clarissaglow Pictures website (3)\" loading=\"lazy\" \/>\t\t\t\t\t\t\t\t\t\t\t\t\t\t\t<\/div>\n\t\t\t\t<\/div>\n\t\t\t\t<\/div>\n\t\t<div data-particle_enable=\"false\" data-particle-mobile-disabled=\"false\" class=\"elementor-element elementor-element-cbc58c3 e-con-full e-flex wpr-particle-no wpr-jarallax-no wpr-parallax-no wpr-sticky-section-no wpr-equal-height-no e-con e-child\" data-id=\"cbc58c3\" data-element_type=\"container\" data-e-type=\"container\">\n\t\t\t\t<div class=\"elementor-element elementor-element-8d56d00 elementor-widget elementor-widget-heading\" data-id=\"8d56d00\" data-element_type=\"widget\" data-e-type=\"widget\" data-widget_type=\"heading.default\">\n\t\t\t\t<div class=\"elementor-widget-container\">\n\t\t\t\t\t<h1 class=\"elementor-heading-title elementor-size-default\">Dipl\u00f4me de Facialiste Naturel Asiatique<\/h1>\t\t\t\t<\/div>\n\t\t\t\t<\/div>\n\t\t\t\t<div class=\"elementor-element elementor-element-fd9c2fa elementor-widget elementor-widget-heading\" data-id=\"fd9c2fa\" data-element_type=\"widget\" data-e-type=\"widget\" data-widget_type=\"heading.default\">\n\t\t\t\t<div class=\"elementor-widget-container\">\n\t\t\t\t\t<h2 class=\"elementor-heading-title elementor-size-default\">Ma\u00eetrisez l'art du rajeunissement facial holistique inspir\u00e9 des traditions asiatiques<\/h2>\t\t\t\t<\/div>\n\t\t\t\t<\/div>\n\t\t\t\t<div class=\"elementor-element elementor-element-373f3a8 elementor-widget elementor-widget-text-editor\" data-id=\"373f3a8\" data-element_type=\"widget\" data-e-type=\"widget\" data-widget_type=\"text-editor.default\">\n\t\t\t\t<div class=\"elementor-widget-container\">\n\t\t\t\t\t\t\t\t\t<p data-start=\"599\" data-end=\"844\">Le Dipl\u00f4me de Facialiste Naturel Asiatique de l&rsquo;Acad\u00e9mie Clarissaglow est un programme de formation professionnelle approfondie qui r\u00e9unit des techniques asiatiques ancestrales, un travail \u00e9nerg\u00e9tique holistique et un art du visage moderne en un seul voyage d&rsquo;apprentissage transformateur.<\/p><p data-start=\"846\" data-end=\"1119\">D\u00e9velopp\u00e9 en collaboration avec Val\u00e9rie Jacquet, cr\u00e9atrice de <em data-start=\"910\" data-end=\"929\">Spiritual Beauty\u00ae<\/em>, ce programme s&rsquo;appuie sur plus de 25 ans d&rsquo;exp\u00e9rience dans le domaine du bien-\u00eatre en tant que praticienne de la m\u00e9decine traditionnelle chinoise, esth\u00e9ticienne certifi\u00e9e et instructrice de Qi Gong.<\/p><p data-start=\"1121\" data-end=\"1352\">Gr\u00e2ce \u00e0 une combinaison de cinq modules sp\u00e9cialis\u00e9s, ce dipl\u00f4me de 110 heures permet d&rsquo;acqu\u00e9rir une ma\u00eetrise compl\u00e8te du lifting naturel et des soins \u00e9nerg\u00e9tiques du visage, alliant la pr\u00e9cision japonaise, l&rsquo;\u00e9nerg\u00e9tique chinoise et la th\u00e9rapie holistique du visage.<\/p><p data-start=\"1354\" data-end=\"1517\">\u00c0 l&rsquo;issue de cette formation, vous serez certifi\u00e9(e) Asian Natural Facialist, capable d&rsquo;offrir des traitements faciaux avanc\u00e9s, ax\u00e9s sur les r\u00e9sultats et harmonisant l&rsquo;\u00e9nergie.<\/p>\t\t\t\t\t\t\t\t<\/div>\n\t\t\t\t<\/div>\n\t\t\t\t<\/div>\n\t\t\t\t\t<\/div>\n\t\t\t\t<\/div>\n\t\t<div data-particle_enable=\"false\" data-particle-mobile-disabled=\"false\" class=\"elementor-element elementor-element-85e1365 e-flex e-con-boxed wpr-particle-no wpr-jarallax-no wpr-parallax-no wpr-sticky-section-no wpr-equal-height-no e-con e-parent\" data-id=\"85e1365\" data-element_type=\"container\" data-e-type=\"container\">\n\t\t\t\t\t<div class=\"e-con-inner\">\n\t\t\t\t<div class=\"elementor-element elementor-element-2142f89 elementor-widget elementor-widget-heading\" data-id=\"2142f89\" data-element_type=\"widget\" data-e-type=\"widget\" data-widget_type=\"heading.default\">\n\t\t\t\t<div class=\"elementor-widget-container\">\n\t\t\t\t\t<h2 class=\"elementor-heading-title elementor-size-default\">Formation compl\u00e8te - 5 cours professionnels<\/h2>\t\t\t\t<\/div>\n\t\t\t\t<\/div>\n\t\t\t\t<div class=\"elementor-element elementor-element-7221d59 img_hover_animation_img_zoom_in is-lazy-load-yes grid-hover-overlay-height-full title-two-line meta-visibility-show title_position_default title_hover_border_default meta_position_default readmore-btn-default-style slider-direction-ltr grid-hover-overlay-type-always hover-overlay-height-default act-label-style-inline elementor-widget elementor-widget-tpg-slider-layout\" data-id=\"7221d59\" data-element_type=\"widget\" data-e-type=\"widget\" data-widget_type=\"tpg-slider-layout.default\">\n\t\t\t\t<div class=\"elementor-widget-container\">\n\t\t\t\t\t        <div class=\"rt-container-fluid rt-tpg-container tpg-el-main-wrapper slider-layout-main slider-layout12-main \"\n             id=\"rt-tpg-container-3684869404\"\n             data-layout=\"slider-layout12\"\n             data-grid-style=\"\"\n             data-desktop-col=\"3\"\n             data-tab-col=\"2\"\n             data-mobile-col=\"1\"\n             data-sc-id=\"elementor\"\n             data-el-query=''\n        >\n\t\t\t\n            <div class=\"slider-main-wrapper slider-layout12\">\n                <div class=\"rt-swiper-holder swiper\"\n                     data-rtowl-options='{\"speed\":500,\"autoPlayTimeOut\":3000,\"autoPlay\":true,\"stopOnHover\":true,\"nav\":true,\"dots\":true,\"loop\":true,\"lazyLoad\":true,\"autoHeight\":false,\"dynamic_dots\":false,\"grabCursor\":true}'\n                     dir=\"ltr\"\n                >\n                    <div class=\"swiper-wrapper rt-content-loader grid-behaviour  grid_hover-layout5 slider-layout slider_layout_wrapper\">\n\t\t\t\t\t\t\n<div class=\"slider-column swiper-slide\">\n\n\t<div class=\"img_zoom_in rt-slider-item swiper-slide rt-grid-hover-item rt-grid-item\" data-id=\"70398\">\n\t\t<div class=\"rt-holder tpg-post-holder \">\n\t\t\t<div class=\"rt-detail rt-el-content-wrapper\">\n\t\t\t\t\t\t\t\t\t<div class=\"rt-img-holder tpg-el-image-wrap has-thumbnail\">\n\t\t\t\t\t\t<a data-id=\"70398\" href=\"https:\/\/academy.clarissaglow.ch\/fr\/course\/cours-de-sculpture-faciale-par-ventouses-et-gua-sha\/\" class=\"tpg-post-link\" target=\"_blank\">                        <img fetchpriority=\"high\" decoding=\"async\" data-src=\"https:\/\/academy.clarissaglow.ch\/wp-content\/uploads\/2025\/11\/Clarissaglow-Pictures-website-1-768x768.jpg\"\n                             src=\"#none\"\n                             class=\"swiper-lazy\"\n                             width=\"768\"\n                             height=\"768\"\n                             alt=\"Cours de sculpture faciale par ventouses et Gua Sha\">\n\t\t\t\t\t\t\n\t\t\t\t\t\t\t            <div class=\"swiper-lazy-preloader swiper-lazy-preloader-white\"><\/div>\n\t\t\n\t\t<\/a>\n\t\t        <div class=\"overlay grid-hover-content\"><\/div>\n\t\t\t\t\t\t\t<\/div>\n\t\t\t\t\n\t\t\t\t<div class=\"grid-hover-content\">\n\t\t\t\t\t<div class=\"slider-content-inner\">\n\n\t\t\t\t\t\t<div class=\"entry-title-wrapper\"><h3 class=\"entry-title\"><a data-id=\"70398\" href=\"https:\/\/academy.clarissaglow.ch\/fr\/course\/cours-de-sculpture-faciale-par-ventouses-et-gua-sha\/\" class=\"tpg-post-link\" target=\"_blank\">Cours de sculpture faciale par ventouses et Gua Sha<\/a><\/h3><\/div>\n\n\t\t\t\t\t\t\t\t\t\t\t\t\t<div class=\"post-meta-tags rt-el-post-meta\">\n\t\t\t\t\t\t\t\t\t\t\t\t\t\t\t<\/div>\n\t\t\t\t\t\t\n\t\t\t\t\t\t                            <div class=\"tpg-excerpt tpg-el-excerpt\">\n\t\t\t\t\t\t\t\t                                    <div class=\"tpg-excerpt-inner\">\n\t\t\t\t\t\t\t\t\t\tCours de sculpture faciale par ventouses et Gua Sha Techniques de levage naturel et de drainage lymphatique &#8211; Clarissaglow Academy, Gen\u00e8ve Le...                                    <\/div>\n\t\t\t\t\t\t\t\t\t\t\t\t\t\t\t\t<div class='acf-custom-field-wrap'><\/div>                            <\/div>\n\t\t\t\t\t\t\n\t\t\t\t\t\t<div class='rt-tpg-social-share'><a class='facebook' title='Share on facebook' target='_blank' href='https:\/\/www.facebook.com\/sharer\/sharer.php?u=https:\/\/academy.clarissaglow.ch\/fr\/course\/cours-de-sculpture-faciale-par-ventouses-et-gua-sha\/'><i class='fab fa-facebook-f ' aria-hidden='true'><\/i><\/a><a class='twitter' title='Share on twitter' target='_blank' href='http:\/\/www.twitter.com\/intent\/tweet?url=https:\/\/academy.clarissaglow.ch\/fr\/course\/cours-de-sculpture-faciale-par-ventouses-et-gua-sha\/'><i class='fab fa-x-twitter ' aria-hidden='true'><\/i><\/a><a class='linkedin' title='Share on linkedin' target='_blank' href='https:\/\/www.linkedin.com\/shareArticle?mini=true&url=https:\/\/academy.clarissaglow.ch\/fr\/course\/cours-de-sculpture-faciale-par-ventouses-et-gua-sha\/'><i class='fab fa-linkedin-in ' aria-hidden='true'><\/i><\/a><\/div>        <div class=\"post-footer\">\n            <div class=\"post-footer\">\n                <div class=\"read-more\">\n\t\t\t\t\t<a data-id=\"70398\" href=\"https:\/\/academy.clarissaglow.ch\/fr\/course\/cours-de-sculpture-faciale-par-ventouses-et-gua-sha\/\" class=\"tpg-post-link\" target=\"_blank\">Lire la suite<\/a>                <\/div>\n            <\/div>\n        <\/div>\n\t\t\t\t\t\t\t<\/div>\n\t\t\t\t<\/div>\n\t\t\t<\/div>\n\t\t<\/div>\n\t<\/div>\n<\/div>\n\n<div class=\"slider-column swiper-slide\">\n\n\t<div class=\"img_zoom_in rt-slider-item swiper-slide rt-grid-hover-item rt-grid-item\" data-id=\"70383\">\n\t\t<div class=\"rt-holder tpg-post-holder \">\n\t\t\t<div class=\"rt-detail rt-el-content-wrapper\">\n\t\t\t\t\t\t\t\t\t<div class=\"rt-img-holder tpg-el-image-wrap has-thumbnail\">\n\t\t\t\t\t\t<a data-id=\"70383\" href=\"https:\/\/academy.clarissaglow.ch\/fr\/course\/cours-de-massage-facial-intra-buccal\/\" class=\"tpg-post-link\" target=\"_blank\">                        <img decoding=\"async\" data-src=\"https:\/\/academy.clarissaglow.ch\/wp-content\/uploads\/2025\/11\/Clarissaglow-Pictures-website-768x768.jpg\"\n                             src=\"#none\"\n                             class=\"swiper-lazy\"\n                             width=\"768\"\n                             height=\"768\"\n                             alt=\"Cours de massage facial intra-buccal\">\n\t\t\t\t\t\t\n\t\t\t\t\t\t\t            <div class=\"swiper-lazy-preloader swiper-lazy-preloader-white\"><\/div>\n\t\t\n\t\t<\/a>\n\t\t        <div class=\"overlay grid-hover-content\"><\/div>\n\t\t\t\t\t\t\t<\/div>\n\t\t\t\t\n\t\t\t\t<div class=\"grid-hover-content\">\n\t\t\t\t\t<div class=\"slider-content-inner\">\n\n\t\t\t\t\t\t<div class=\"entry-title-wrapper\"><h3 class=\"entry-title\"><a data-id=\"70383\" href=\"https:\/\/academy.clarissaglow.ch\/fr\/course\/cours-de-massage-facial-intra-buccal\/\" class=\"tpg-post-link\" target=\"_blank\">Cours de massage facial intra-buccal<\/a><\/h3><\/div>\n\n\t\t\t\t\t\t\t\t\t\t\t\t\t<div class=\"post-meta-tags rt-el-post-meta\">\n\t\t\t\t\t\t\t\t\t\t\t\t\t\t\t<\/div>\n\t\t\t\t\t\t\n\t\t\t\t\t\t                            <div class=\"tpg-excerpt tpg-el-excerpt\">\n\t\t\t\t\t\t\t\t                                    <div class=\"tpg-excerpt-inner\">\n\t\t\t\t\t\t\t\t\t\tCours de massage facial intra-buccal Technique avanc\u00e9e de rajeunissement du visage &#8211; Clarissaglow Academy, Gen\u00e8ve Date : 22 f\u00e9vrier 2026 Dur\u00e9e...                                    <\/div>\n\t\t\t\t\t\t\t\t\t\t\t\t\t\t\t\t<div class='acf-custom-field-wrap'><\/div>                            <\/div>\n\t\t\t\t\t\t\n\t\t\t\t\t\t<div class='rt-tpg-social-share'><a class='facebook' title='Share on facebook' target='_blank' href='https:\/\/www.facebook.com\/sharer\/sharer.php?u=https:\/\/academy.clarissaglow.ch\/fr\/course\/cours-de-massage-facial-intra-buccal\/'><i class='fab fa-facebook-f ' aria-hidden='true'><\/i><\/a><a class='twitter' title='Share on twitter' target='_blank' href='http:\/\/www.twitter.com\/intent\/tweet?url=https:\/\/academy.clarissaglow.ch\/fr\/course\/cours-de-massage-facial-intra-buccal\/'><i class='fab fa-x-twitter ' aria-hidden='true'><\/i><\/a><a class='linkedin' title='Share on linkedin' target='_blank' href='https:\/\/www.linkedin.com\/shareArticle?mini=true&url=https:\/\/academy.clarissaglow.ch\/fr\/course\/cours-de-massage-facial-intra-buccal\/'><i class='fab fa-linkedin-in ' aria-hidden='true'><\/i><\/a><\/div>        <div class=\"post-footer\">\n            <div class=\"post-footer\">\n                <div class=\"read-more\">\n\t\t\t\t\t<a data-id=\"70383\" href=\"https:\/\/academy.clarissaglow.ch\/fr\/course\/cours-de-massage-facial-intra-buccal\/\" class=\"tpg-post-link\" target=\"_blank\">Lire la suite<\/a>                <\/div>\n            <\/div>\n        <\/div>\n\t\t\t\t\t\t\t<\/div>\n\t\t\t\t<\/div>\n\t\t\t<\/div>\n\t\t<\/div>\n\t<\/div>\n<\/div>\n\n<div class=\"slider-column swiper-slide\">\n\n\t<div class=\"img_zoom_in rt-slider-item swiper-slide rt-grid-hover-item rt-grid-item\" data-id=\"70412\">\n\t\t<div class=\"rt-holder tpg-post-holder \">\n\t\t\t<div class=\"rt-detail rt-el-content-wrapper\">\n\t\t\t\t\t\t\t\t\t<div class=\"rt-img-holder tpg-el-image-wrap has-thumbnail\">\n\t\t\t\t\t\t<a data-id=\"70412\" href=\"https:\/\/academy.clarissaglow.ch\/fr\/course\/cours-de-lifting-energetique-du-visage\/\" class=\"tpg-post-link\" target=\"_blank\">                        <img decoding=\"async\" data-src=\"https:\/\/academy.clarissaglow.ch\/wp-content\/uploads\/2025\/11\/Clarissaglow-Pictures-website-2-768x768.jpg\"\n                             src=\"#none\"\n                             class=\"swiper-lazy\"\n                             width=\"768\"\n                             height=\"768\"\n                             alt=\"Cours de lifting \u00e9nerg\u00e9tique du visage\">\n\t\t\t\t\t\t\n\t\t\t\t\t\t\t            <div class=\"swiper-lazy-preloader swiper-lazy-preloader-white\"><\/div>\n\t\t\n\t\t<\/a>\n\t\t        <div class=\"overlay grid-hover-content\"><\/div>\n\t\t\t\t\t\t\t<\/div>\n\t\t\t\t\n\t\t\t\t<div class=\"grid-hover-content\">\n\t\t\t\t\t<div class=\"slider-content-inner\">\n\n\t\t\t\t\t\t<div class=\"entry-title-wrapper\"><h3 class=\"entry-title\"><a data-id=\"70412\" href=\"https:\/\/academy.clarissaglow.ch\/fr\/course\/cours-de-lifting-energetique-du-visage\/\" class=\"tpg-post-link\" target=\"_blank\">Cours de lifting \u00e9nerg\u00e9tique du visage<\/a><\/h3><\/div>\n\n\t\t\t\t\t\t\t\t\t\t\t\t\t<div class=\"post-meta-tags rt-el-post-meta\">\n\t\t\t\t\t\t\t\t\t\t\t\t\t\t\t<\/div>\n\t\t\t\t\t\t\n\t\t\t\t\t\t                            <div class=\"tpg-excerpt tpg-el-excerpt\">\n\t\t\t\t\t\t\t\t                                    <div class=\"tpg-excerpt-inner\">\n\t\t\t\t\t\t\t\t\t\tCours de lifting \u00e9nerg\u00e9tique du visage R\u00e9\u00e9quilibrer, rajeunir et r\u00e9veiller l&rsquo;\u00e9clat naturel &#8211; Clarissaglow Academy, Gen\u00e8ve Le cours de...                                    <\/div>\n\t\t\t\t\t\t\t\t\t\t\t\t\t\t\t\t<div class='acf-custom-field-wrap'><\/div>                            <\/div>\n\t\t\t\t\t\t\n\t\t\t\t\t\t<div class='rt-tpg-social-share'><a class='facebook' title='Share on facebook' target='_blank' href='https:\/\/www.facebook.com\/sharer\/sharer.php?u=https:\/\/academy.clarissaglow.ch\/fr\/course\/cours-de-lifting-energetique-du-visage\/'><i class='fab fa-facebook-f ' aria-hidden='true'><\/i><\/a><a class='twitter' title='Share on twitter' target='_blank' href='http:\/\/www.twitter.com\/intent\/tweet?url=https:\/\/academy.clarissaglow.ch\/fr\/course\/cours-de-lifting-energetique-du-visage\/'><i class='fab fa-x-twitter ' aria-hidden='true'><\/i><\/a><a class='linkedin' title='Share on linkedin' target='_blank' href='https:\/\/www.linkedin.com\/shareArticle?mini=true&url=https:\/\/academy.clarissaglow.ch\/fr\/course\/cours-de-lifting-energetique-du-visage\/'><i class='fab fa-linkedin-in ' aria-hidden='true'><\/i><\/a><\/div>        <div class=\"post-footer\">\n            <div class=\"post-footer\">\n                <div class=\"read-more\">\n\t\t\t\t\t<a data-id=\"70412\" href=\"https:\/\/academy.clarissaglow.ch\/fr\/course\/cours-de-lifting-energetique-du-visage\/\" class=\"tpg-post-link\" target=\"_blank\">Lire la suite<\/a>                <\/div>\n            <\/div>\n        <\/div>\n\t\t\t\t\t\t\t<\/div>\n\t\t\t\t<\/div>\n\t\t\t<\/div>\n\t\t<\/div>\n\t<\/div>\n<\/div>\n\n<div class=\"slider-column swiper-slide\">\n\n\t<div class=\"img_zoom_in rt-slider-item swiper-slide rt-grid-hover-item rt-grid-item\" data-id=\"70457\">\n\t\t<div class=\"rt-holder tpg-post-holder \">\n\t\t\t<div class=\"rt-detail rt-el-content-wrapper\">\n\t\t\t\t\t\t\t\t\t<div class=\"rt-img-holder tpg-el-image-wrap has-thumbnail\">\n\t\t\t\t\t\t<a data-id=\"70457\" href=\"https:\/\/academy.clarissaglow.ch\/fr\/course\/asian-natural-facelift-cours-inspire-de-kobido-niveau-3\/\" class=\"tpg-post-link\" target=\"_blank\">                        <img loading=\"lazy\" decoding=\"async\" data-src=\"https:\/\/academy.clarissaglow.ch\/wp-content\/uploads\/2025\/11\/Clarissaglow-Pictures-website-3-768x768.jpg\"\n                             src=\"#none\"\n                             class=\"swiper-lazy\"\n                             width=\"768\"\n                             height=\"768\"\n                             alt=\"Asian Natural Facelift &#8211; Cours inspir\u00e9 de Kobido Niveau 3\">\n\t\t\t\t\t\t\n\t\t\t\t\t\t\t            <div class=\"swiper-lazy-preloader swiper-lazy-preloader-white\"><\/div>\n\t\t\n\t\t<\/a>\n\t\t        <div class=\"overlay grid-hover-content\"><\/div>\n\t\t\t\t\t\t\t<\/div>\n\t\t\t\t\n\t\t\t\t<div class=\"grid-hover-content\">\n\t\t\t\t\t<div class=\"slider-content-inner\">\n\n\t\t\t\t\t\t<div class=\"entry-title-wrapper\"><h3 class=\"entry-title\"><a data-id=\"70457\" href=\"https:\/\/academy.clarissaglow.ch\/fr\/course\/asian-natural-facelift-cours-inspire-de-kobido-niveau-3\/\" class=\"tpg-post-link\" target=\"_blank\">Asian Natural Facelift &#8211; Cours inspir\u00e9 de Kobido Niveau 3<\/a><\/h3><\/div>\n\n\t\t\t\t\t\t\t\t\t\t\t\t\t<div class=\"post-meta-tags rt-el-post-meta\">\n\t\t\t\t\t\t\t\t\t\t\t\t\t\t\t<\/div>\n\t\t\t\t\t\t\n\t\t\t\t\t\t                            <div class=\"tpg-excerpt tpg-el-excerpt\">\n\t\t\t\t\t\t\t\t                                    <div class=\"tpg-excerpt-inner\">\n\t\t\t\t\t\t\t\t\t\tAsian Natural Facelift &#8211; Cours inspir\u00e9 de Kobido Niveau 3 Comp\u00e9tences, \u00e9valuation et certification professionnelle &#8211; Clarissaglow Academy...                                    <\/div>\n\t\t\t\t\t\t\t\t\t\t\t\t\t\t\t\t<div class='acf-custom-field-wrap'><\/div>                            <\/div>\n\t\t\t\t\t\t\n\t\t\t\t\t\t<div class='rt-tpg-social-share'><a class='facebook' title='Share on facebook' target='_blank' href='https:\/\/www.facebook.com\/sharer\/sharer.php?u=https:\/\/academy.clarissaglow.ch\/fr\/course\/asian-natural-facelift-cours-inspire-de-kobido-niveau-3\/'><i class='fab fa-facebook-f ' aria-hidden='true'><\/i><\/a><a class='twitter' title='Share on twitter' target='_blank' href='http:\/\/www.twitter.com\/intent\/tweet?url=https:\/\/academy.clarissaglow.ch\/fr\/course\/asian-natural-facelift-cours-inspire-de-kobido-niveau-3\/'><i class='fab fa-x-twitter ' aria-hidden='true'><\/i><\/a><a class='linkedin' title='Share on linkedin' target='_blank' href='https:\/\/www.linkedin.com\/shareArticle?mini=true&url=https:\/\/academy.clarissaglow.ch\/fr\/course\/asian-natural-facelift-cours-inspire-de-kobido-niveau-3\/'><i class='fab fa-linkedin-in ' aria-hidden='true'><\/i><\/a><\/div>        <div class=\"post-footer\">\n            <div class=\"post-footer\">\n                <div class=\"read-more\">\n\t\t\t\t\t<a data-id=\"70457\" href=\"https:\/\/academy.clarissaglow.ch\/fr\/course\/asian-natural-facelift-cours-inspire-de-kobido-niveau-3\/\" class=\"tpg-post-link\" target=\"_blank\">Lire la suite<\/a>                <\/div>\n            <\/div>\n        <\/div>\n\t\t\t\t\t\t\t<\/div>\n\t\t\t\t<\/div>\n\t\t\t<\/div>\n\t\t<\/div>\n\t<\/div>\n<\/div>\n\n<div class=\"slider-column swiper-slide\">\n\n\t<div class=\"img_zoom_in rt-slider-item swiper-slide rt-grid-hover-item rt-grid-item\" data-id=\"67389\">\n\t\t<div class=\"rt-holder tpg-post-holder \">\n\t\t\t<div class=\"rt-detail rt-el-content-wrapper\">\n\t\t\t\t\t\t\t\t\t<div class=\"rt-img-holder tpg-el-image-wrap has-thumbnail\">\n\t\t\t\t\t\t<a data-id=\"67389\" href=\"https:\/\/academy.clarissaglow.ch\/fr\/course\/lifting-naturel-asiatique\/\" class=\"tpg-post-link\" target=\"_blank\">                        <img loading=\"lazy\" decoding=\"async\" data-src=\"https:\/\/academy.clarissaglow.ch\/wp-content\/uploads\/2025\/06\/Clarissaglow-Pictures-website-3-768x768.jpg\"\n                             src=\"#none\"\n                             class=\"swiper-lazy\"\n                             width=\"768\"\n                             height=\"768\"\n                             alt=\"Asian Natural Facelift &#8211; Cours inspir\u00e9 de Kobido (niveaux 1 et 2)\">\n\t\t\t\t\t\t\n\t\t\t\t\t\t\t            <div class=\"swiper-lazy-preloader swiper-lazy-preloader-white\"><\/div>\n\t\t\n\t\t<\/a>\n\t\t        <div class=\"overlay grid-hover-content\"><\/div>\n\t\t\t\t\t\t\t<\/div>\n\t\t\t\t\n\t\t\t\t<div class=\"grid-hover-content\">\n\t\t\t\t\t<div class=\"slider-content-inner\">\n\n\t\t\t\t\t\t<div class=\"entry-title-wrapper\"><h3 class=\"entry-title\"><a data-id=\"67389\" href=\"https:\/\/academy.clarissaglow.ch\/fr\/course\/lifting-naturel-asiatique\/\" class=\"tpg-post-link\" target=\"_blank\">Asian Natural Facelift &#8211; Cours inspir\u00e9 de Kobido (niveaux 1 et 2)<\/a><\/h3><\/div>\n\n\t\t\t\t\t\t\t\t\t\t\t\t\t<div class=\"post-meta-tags rt-el-post-meta\">\n\t\t\t\t\t\t\t\t\t\t\t\t\t\t\t<\/div>\n\t\t\t\t\t\t\n\t\t\t\t\t\t                            <div class=\"tpg-excerpt tpg-el-excerpt\">\n\t\t\t\t\t\t\t\t                                    <div class=\"tpg-excerpt-inner\">\n\t\t\t\t\t\t\t\t\t\tAsian Natural Facelift &#8211; Cours inspir\u00e9 de Kobido (niveaux 1 et 2) Ma\u00eetrisez l&rsquo;art du rajeunissement facial japonais gr\u00e2ce \u00e0 la beaut\u00e9, la...                                    <\/div>\n\t\t\t\t\t\t\t\t\t\t\t\t\t\t\t\t<div class='acf-custom-field-wrap'><\/div>                            <\/div>\n\t\t\t\t\t\t\n\t\t\t\t\t\t<div class='rt-tpg-social-share'><a class='facebook' title='Share on facebook' target='_blank' href='https:\/\/www.facebook.com\/sharer\/sharer.php?u=https:\/\/academy.clarissaglow.ch\/fr\/course\/lifting-naturel-asiatique\/'><i class='fab fa-facebook-f ' aria-hidden='true'><\/i><\/a><a class='twitter' title='Share on twitter' target='_blank' href='http:\/\/www.twitter.com\/intent\/tweet?url=https:\/\/academy.clarissaglow.ch\/fr\/course\/lifting-naturel-asiatique\/'><i class='fab fa-x-twitter ' aria-hidden='true'><\/i><\/a><a class='linkedin' title='Share on linkedin' target='_blank' href='https:\/\/www.linkedin.com\/shareArticle?mini=true&url=https:\/\/academy.clarissaglow.ch\/fr\/course\/lifting-naturel-asiatique\/'><i class='fab fa-linkedin-in ' aria-hidden='true'><\/i><\/a><\/div>        <div class=\"post-footer\">\n            <div class=\"post-footer\">\n                <div class=\"read-more\">\n\t\t\t\t\t<a data-id=\"67389\" href=\"https:\/\/academy.clarissaglow.ch\/fr\/course\/lifting-naturel-asiatique\/\" class=\"tpg-post-link\" target=\"_blank\">Lire la suite<\/a>                <\/div>\n            <\/div>\n        <\/div>\n\t\t\t\t\t\t\t<\/div>\n\t\t\t\t<\/div>\n\t\t\t<\/div>\n\t\t<\/div>\n\t<\/div>\n<\/div>\n                    <\/div>\n\n                <\/div>\n\n\n\t\t\t\t\n\t\t\t\t                    <div class=\"slider-thumb-main-wrapper\">\n                        <div class=\"swiper-thumb-wrapper gallery-thumbs swiper\">\n                            <div class=\"swiper-wrapper\">\n\t\t\t\t\t\t\t\t                                        <div class=\"swiper-slide\">\n                                            <div class=\"post-thumbnail-wrap\">\n                                                <div class=\"p-thumbnail\">\n\t\t\t\t\t\t\t\t\t\t\t\t\t<img loading=\"lazy\" decoding=\"async\" width=\"150\" height=\"150\" src=\"https:\/\/academy.clarissaglow.ch\/wp-content\/uploads\/2025\/11\/Clarissaglow-Pictures-website-1-150x150.jpg\" class=\"attachment-thumbnail size-thumbnail wp-post-image\" alt=\"\" srcset=\"https:\/\/academy.clarissaglow.ch\/wp-content\/uploads\/2025\/11\/Clarissaglow-Pictures-website-1-150x150.jpg 150w, https:\/\/academy.clarissaglow.ch\/wp-content\/uploads\/2025\/11\/Clarissaglow-Pictures-website-1-300x300.jpg 300w, https:\/\/academy.clarissaglow.ch\/wp-content\/uploads\/2025\/11\/Clarissaglow-Pictures-website-1-100x100.jpg 100w, https:\/\/academy.clarissaglow.ch\/wp-content\/uploads\/2025\/11\/Clarissaglow-Pictures-website-1-600x600.jpg 600w, https:\/\/academy.clarissaglow.ch\/wp-content\/uploads\/2025\/11\/Clarissaglow-Pictures-website-1-1024x1024.jpg 1024w, https:\/\/academy.clarissaglow.ch\/wp-content\/uploads\/2025\/11\/Clarissaglow-Pictures-website-1-768x768.jpg 768w, https:\/\/academy.clarissaglow.ch\/wp-content\/uploads\/2025\/11\/Clarissaglow-Pictures-website-1-1536x1536.jpg 1536w, https:\/\/academy.clarissaglow.ch\/wp-content\/uploads\/2025\/11\/Clarissaglow-Pictures-website-1-1320x1320.jpg 1320w, https:\/\/academy.clarissaglow.ch\/wp-content\/uploads\/2025\/11\/Clarissaglow-Pictures-website-1.jpg 2048w\" sizes=\"(max-width: 150px) 100vw, 150px\" \/>                                                <\/div>\n                                                <div class=\"p-content\">\n                                                    <div class=\"post-taxonomy\">\n\t\t\t\t\t\t\t\t\t\t\t\t\t\t                                                    <\/div>\n                                                    <h3 class=\"thumb-title\">Cours de sculpture faciale par ventouses et Gua Sha<\/h3>\n\t\t\t\t\t\t\t\t\t\t\t\t\t                                                        <div class=\"post-meta-tags rt-el-post-meta\">\n\t\t\t\t\t\t\t\t\t\t\t\t\t\t\t                                                        <\/div>\n\t\t\t\t\t\t\t\t\t\t\t\t\t                                                <\/div>\n                                            <\/div>\n                                        <\/div>\n\t\t\t\t\t\t\t\t\t\t                                        <div class=\"swiper-slide\">\n                                            <div class=\"post-thumbnail-wrap\">\n                                                <div class=\"p-thumbnail\">\n\t\t\t\t\t\t\t\t\t\t\t\t\t<img loading=\"lazy\" decoding=\"async\" width=\"150\" height=\"150\" src=\"https:\/\/academy.clarissaglow.ch\/wp-content\/uploads\/2025\/11\/Clarissaglow-Pictures-website-150x150.jpg\" class=\"attachment-thumbnail size-thumbnail wp-post-image\" alt=\"\" srcset=\"https:\/\/academy.clarissaglow.ch\/wp-content\/uploads\/2025\/11\/Clarissaglow-Pictures-website-150x150.jpg 150w, https:\/\/academy.clarissaglow.ch\/wp-content\/uploads\/2025\/11\/Clarissaglow-Pictures-website-300x300.jpg 300w, https:\/\/academy.clarissaglow.ch\/wp-content\/uploads\/2025\/11\/Clarissaglow-Pictures-website-100x100.jpg 100w, https:\/\/academy.clarissaglow.ch\/wp-content\/uploads\/2025\/11\/Clarissaglow-Pictures-website-600x600.jpg 600w, https:\/\/academy.clarissaglow.ch\/wp-content\/uploads\/2025\/11\/Clarissaglow-Pictures-website-1024x1024.jpg 1024w, https:\/\/academy.clarissaglow.ch\/wp-content\/uploads\/2025\/11\/Clarissaglow-Pictures-website-768x768.jpg 768w, https:\/\/academy.clarissaglow.ch\/wp-content\/uploads\/2025\/11\/Clarissaglow-Pictures-website-1536x1536.jpg 1536w, https:\/\/academy.clarissaglow.ch\/wp-content\/uploads\/2025\/11\/Clarissaglow-Pictures-website-1320x1320.jpg 1320w, https:\/\/academy.clarissaglow.ch\/wp-content\/uploads\/2025\/11\/Clarissaglow-Pictures-website.jpg 2048w\" sizes=\"(max-width: 150px) 100vw, 150px\" \/>                                                <\/div>\n                                                <div class=\"p-content\">\n                                                    <div class=\"post-taxonomy\">\n\t\t\t\t\t\t\t\t\t\t\t\t\t\t                                                    <\/div>\n                                                    <h3 class=\"thumb-title\">Cours de massage facial intra-buccal<\/h3>\n\t\t\t\t\t\t\t\t\t\t\t\t\t                                                        <div class=\"post-meta-tags rt-el-post-meta\">\n\t\t\t\t\t\t\t\t\t\t\t\t\t\t\t                                                        <\/div>\n\t\t\t\t\t\t\t\t\t\t\t\t\t                                                <\/div>\n                                            <\/div>\n                                        <\/div>\n\t\t\t\t\t\t\t\t\t\t                                        <div class=\"swiper-slide\">\n                                            <div class=\"post-thumbnail-wrap\">\n                                                <div class=\"p-thumbnail\">\n\t\t\t\t\t\t\t\t\t\t\t\t\t<img loading=\"lazy\" decoding=\"async\" width=\"150\" height=\"150\" src=\"https:\/\/academy.clarissaglow.ch\/wp-content\/uploads\/2025\/11\/Clarissaglow-Pictures-website-2-150x150.jpg\" class=\"attachment-thumbnail size-thumbnail wp-post-image\" alt=\"\" srcset=\"https:\/\/academy.clarissaglow.ch\/wp-content\/uploads\/2025\/11\/Clarissaglow-Pictures-website-2-150x150.jpg 150w, https:\/\/academy.clarissaglow.ch\/wp-content\/uploads\/2025\/11\/Clarissaglow-Pictures-website-2-300x300.jpg 300w, https:\/\/academy.clarissaglow.ch\/wp-content\/uploads\/2025\/11\/Clarissaglow-Pictures-website-2-100x100.jpg 100w, https:\/\/academy.clarissaglow.ch\/wp-content\/uploads\/2025\/11\/Clarissaglow-Pictures-website-2-600x600.jpg 600w, https:\/\/academy.clarissaglow.ch\/wp-content\/uploads\/2025\/11\/Clarissaglow-Pictures-website-2-1024x1024.jpg 1024w, https:\/\/academy.clarissaglow.ch\/wp-content\/uploads\/2025\/11\/Clarissaglow-Pictures-website-2-768x768.jpg 768w, https:\/\/academy.clarissaglow.ch\/wp-content\/uploads\/2025\/11\/Clarissaglow-Pictures-website-2-1536x1536.jpg 1536w, https:\/\/academy.clarissaglow.ch\/wp-content\/uploads\/2025\/11\/Clarissaglow-Pictures-website-2-2048x2048.jpg 2048w, https:\/\/academy.clarissaglow.ch\/wp-content\/uploads\/2025\/11\/Clarissaglow-Pictures-website-2-1320x1320.jpg 1320w\" sizes=\"(max-width: 150px) 100vw, 150px\" \/>                                                <\/div>\n                                                <div class=\"p-content\">\n                                                    <div class=\"post-taxonomy\">\n\t\t\t\t\t\t\t\t\t\t\t\t\t\t                                                    <\/div>\n                                                    <h3 class=\"thumb-title\">Cours de lifting \u00e9nerg\u00e9tique du visage<\/h3>\n\t\t\t\t\t\t\t\t\t\t\t\t\t                                                        <div class=\"post-meta-tags rt-el-post-meta\">\n\t\t\t\t\t\t\t\t\t\t\t\t\t\t\t                                                        <\/div>\n\t\t\t\t\t\t\t\t\t\t\t\t\t                                                <\/div>\n                                            <\/div>\n                                        <\/div>\n\t\t\t\t\t\t\t\t\t\t                                        <div class=\"swiper-slide\">\n                                            <div class=\"post-thumbnail-wrap\">\n                                                <div class=\"p-thumbnail\">\n\t\t\t\t\t\t\t\t\t\t\t\t\t<img loading=\"lazy\" decoding=\"async\" width=\"150\" height=\"150\" src=\"https:\/\/academy.clarissaglow.ch\/wp-content\/uploads\/2025\/11\/Clarissaglow-Pictures-website-3-150x150.jpg\" class=\"attachment-thumbnail size-thumbnail wp-post-image\" alt=\"\" srcset=\"https:\/\/academy.clarissaglow.ch\/wp-content\/uploads\/2025\/11\/Clarissaglow-Pictures-website-3-150x150.jpg 150w, https:\/\/academy.clarissaglow.ch\/wp-content\/uploads\/2025\/11\/Clarissaglow-Pictures-website-3-300x300.jpg 300w, https:\/\/academy.clarissaglow.ch\/wp-content\/uploads\/2025\/11\/Clarissaglow-Pictures-website-3-100x100.jpg 100w, https:\/\/academy.clarissaglow.ch\/wp-content\/uploads\/2025\/11\/Clarissaglow-Pictures-website-3-600x600.jpg 600w, https:\/\/academy.clarissaglow.ch\/wp-content\/uploads\/2025\/11\/Clarissaglow-Pictures-website-3-1024x1024.jpg 1024w, https:\/\/academy.clarissaglow.ch\/wp-content\/uploads\/2025\/11\/Clarissaglow-Pictures-website-3-768x768.jpg 768w, https:\/\/academy.clarissaglow.ch\/wp-content\/uploads\/2025\/11\/Clarissaglow-Pictures-website-3-1536x1536.jpg 1536w, https:\/\/academy.clarissaglow.ch\/wp-content\/uploads\/2025\/11\/Clarissaglow-Pictures-website-3-1320x1320.jpg 1320w, https:\/\/academy.clarissaglow.ch\/wp-content\/uploads\/2025\/11\/elementor\/thumbs\/Clarissaglow-Pictures-website-3-re6gq4vps18ye2itn132q5c9458z5vjixxi3qxpyg0.jpg 400w, https:\/\/academy.clarissaglow.ch\/wp-content\/uploads\/2025\/11\/Clarissaglow-Pictures-website-3.jpg 2048w\" sizes=\"(max-width: 150px) 100vw, 150px\" \/>                                                <\/div>\n                                                <div class=\"p-content\">\n                                                    <div class=\"post-taxonomy\">\n\t\t\t\t\t\t\t\t\t\t\t\t\t\t                                                    <\/div>\n                                                    <h3 class=\"thumb-title\">Asian Natural Facelift &#8211; Cours inspir\u00e9 de Kobido Niveau 3<\/h3>\n\t\t\t\t\t\t\t\t\t\t\t\t\t                                                        <div class=\"post-meta-tags rt-el-post-meta\">\n\t\t\t\t\t\t\t\t\t\t\t\t\t\t\t                                                        <\/div>\n\t\t\t\t\t\t\t\t\t\t\t\t\t                                                <\/div>\n                                            <\/div>\n                                        <\/div>\n\t\t\t\t\t\t\t\t\t\t                                        <div class=\"swiper-slide\">\n                                            <div class=\"post-thumbnail-wrap\">\n                                                <div class=\"p-thumbnail\">\n\t\t\t\t\t\t\t\t\t\t\t\t\t<img loading=\"lazy\" decoding=\"async\" width=\"150\" height=\"150\" src=\"https:\/\/academy.clarissaglow.ch\/wp-content\/uploads\/2025\/06\/Clarissaglow-Pictures-website-3-150x150.jpg\" class=\"attachment-thumbnail size-thumbnail wp-post-image\" alt=\"\" srcset=\"https:\/\/academy.clarissaglow.ch\/wp-content\/uploads\/2025\/06\/Clarissaglow-Pictures-website-3-150x150.jpg 150w, https:\/\/academy.clarissaglow.ch\/wp-content\/uploads\/2025\/06\/Clarissaglow-Pictures-website-3-300x300.jpg 300w, https:\/\/academy.clarissaglow.ch\/wp-content\/uploads\/2025\/06\/Clarissaglow-Pictures-website-3-100x100.jpg 100w, https:\/\/academy.clarissaglow.ch\/wp-content\/uploads\/2025\/06\/Clarissaglow-Pictures-website-3-600x600.jpg 600w, https:\/\/academy.clarissaglow.ch\/wp-content\/uploads\/2025\/06\/Clarissaglow-Pictures-website-3-1024x1024.jpg 1024w, https:\/\/academy.clarissaglow.ch\/wp-content\/uploads\/2025\/06\/Clarissaglow-Pictures-website-3-768x768.jpg 768w, https:\/\/academy.clarissaglow.ch\/wp-content\/uploads\/2025\/06\/Clarissaglow-Pictures-website-3-1536x1536.jpg 1536w, https:\/\/academy.clarissaglow.ch\/wp-content\/uploads\/2025\/06\/Clarissaglow-Pictures-website-3-1320x1320.jpg 1320w, https:\/\/academy.clarissaglow.ch\/wp-content\/uploads\/2025\/06\/elementor\/thumbs\/Clarissaglow-Pictures-website-3-r6uz0nesx5d2s18r11tbxtk4cjqnjju4dpf0vlnjj4.jpg 400w, https:\/\/academy.clarissaglow.ch\/wp-content\/uploads\/2025\/06\/Clarissaglow-Pictures-website-3.jpg 2048w\" sizes=\"(max-width: 150px) 100vw, 150px\" \/>                                                <\/div>\n                                                <div class=\"p-content\">\n                                                    <div class=\"post-taxonomy\">\n\t\t\t\t\t\t\t\t\t\t\t\t\t\t                                                    <\/div>\n                                                    <h3 class=\"thumb-title\">Asian Natural Facelift &#8211; Cours inspir\u00e9 de Kobido (niveaux 1 et 2)<\/h3>\n\t\t\t\t\t\t\t\t\t\t\t\t\t                                                        <div class=\"post-meta-tags rt-el-post-meta\">\n\t\t\t\t\t\t\t\t\t\t\t\t\t\t\t                                                        <\/div>\n\t\t\t\t\t\t\t\t\t\t\t\t\t                                                <\/div>\n                                            <\/div>\n                                        <\/div>\n\t\t\t\t\t\t\t\t\t\t                            <\/div>\n                            <div class=\"swiper-thumb-pagination\"><\/div>\n                        <\/div>\n                    <\/div>\n\t\t\t\t            <\/div>\n        <\/div>\n\t\t\t\t\t\t<\/div>\n\t\t\t\t<\/div>\n\t\t\t\t\t<\/div>\n\t\t\t\t<\/div>\n\t\t<div data-particle_enable=\"false\" data-particle-mobile-disabled=\"false\" class=\"elementor-element elementor-element-655f1f9 e-flex e-con-boxed wpr-particle-no wpr-jarallax-no wpr-parallax-no wpr-sticky-section-no wpr-equal-height-no e-con e-parent\" data-id=\"655f1f9\" data-element_type=\"container\" data-e-type=\"container\">\n\t\t\t\t\t<div class=\"e-con-inner\">\n\t\t\t\t\t<\/div>\n\t\t\t\t<\/div>\n\t\t<div data-particle_enable=\"false\" data-particle-mobile-disabled=\"false\" class=\"elementor-element elementor-element-620a6bb e-flex e-con-boxed wpr-particle-no wpr-jarallax-no wpr-parallax-no wpr-sticky-section-no wpr-equal-height-no e-con e-parent\" data-id=\"620a6bb\" data-element_type=\"container\" data-e-type=\"container\">\n\t\t\t\t\t<div class=\"e-con-inner\">\n\t\t<div data-particle_enable=\"false\" data-particle-mobile-disabled=\"false\" class=\"elementor-element elementor-element-614a414 e-con-full e-flex wpr-particle-no wpr-jarallax-no wpr-parallax-no wpr-sticky-section-no wpr-equal-height-no e-con e-child\" data-id=\"614a414\" data-element_type=\"container\" data-e-type=\"container\">\n\t\t\t\t<div class=\"elementor-element elementor-element-15101e2 elementor-widget elementor-widget-heading\" data-id=\"15101e2\" data-element_type=\"widget\" data-e-type=\"widget\" data-widget_type=\"heading.default\">\n\t\t\t\t<div class=\"elementor-widget-container\">\n\t\t\t\t\t<h2 class=\"elementor-heading-title elementor-size-default\">Ce que vous apprendrez<\/h2>\t\t\t\t<\/div>\n\t\t\t\t<\/div>\n\t\t\t\t<div class=\"elementor-element elementor-element-7ed3f41 elementor-widget elementor-widget-text-editor\" data-id=\"7ed3f41\" data-element_type=\"widget\" data-e-type=\"widget\" data-widget_type=\"text-editor.default\">\n\t\t\t\t<div class=\"elementor-widget-container\">\n\t\t\t\t\t\t\t\t\t<ul data-start=\"2884\" data-end=\"3396\"><li data-start=\"2884\" data-end=\"3018\"><p data-start=\"2886\" data-end=\"3018\">Techniques authentiques de massage facial d&rsquo;inspiration kobido, Gua Sha, cupping, lifting intra-buccal et travail \u00e9nerg\u00e9tique du visage.<\/p><\/li><li data-start=\"3019\" data-end=\"3118\"><p data-start=\"3021\" data-end=\"3118\">Les principes de la m\u00e9decine traditionnelle chinoise et le flux d&rsquo;\u00e9nergie (Qi) dans le rajeunissement du visage.<\/p><\/li><li data-start=\"3119\" data-end=\"3220\"><p data-start=\"3121\" data-end=\"3220\">Anatomie du visage, des muscles et physiologie de la peau pour une pratique efficace, s\u00fbre et professionnelle.<\/p><\/li><li data-start=\"3221\" data-end=\"3295\"><p data-start=\"3223\" data-end=\"3295\">Int\u00e9gration de la beaut\u00e9, de l&rsquo;\u00e9nergie et de l&rsquo;attention dans chaque geste.<\/p><\/li><li data-start=\"3296\" data-end=\"3396\"><p data-start=\"3298\" data-end=\"3396\">Comment concevoir et r\u00e9aliser des traitements holistiques personnalis\u00e9s pour le visage afin d&rsquo;obtenir des r\u00e9sultats visibles et durables.<\/p><\/li><\/ul>\t\t\t\t\t\t\t\t<\/div>\n\t\t\t\t<\/div>\n\t\t\t\t<\/div>\n\t\t\t\t\t<\/div>\n\t\t\t\t<\/div>\n\t\t<div data-particle_enable=\"false\" data-particle-mobile-disabled=\"false\" class=\"elementor-element elementor-element-2f4cd12 e-flex e-con-boxed wpr-particle-no wpr-jarallax-no wpr-parallax-no wpr-sticky-section-no wpr-equal-height-no e-con e-parent\" data-id=\"2f4cd12\" data-element_type=\"container\" data-e-type=\"container\">\n\t\t\t\t\t<div class=\"e-con-inner\">\n\t\t<div data-particle_enable=\"false\" data-particle-mobile-disabled=\"false\" class=\"elementor-element elementor-element-1c72cdb e-con-full e-flex wpr-particle-no wpr-jarallax-no wpr-parallax-no wpr-sticky-section-no wpr-equal-height-no e-con e-child\" data-id=\"1c72cdb\" data-element_type=\"container\" data-e-type=\"container\">\n\t\t\t\t<div class=\"elementor-element elementor-element-cf798ff elementor-widget elementor-widget-heading\" data-id=\"cf798ff\" data-element_type=\"widget\" data-e-type=\"widget\" data-widget_type=\"heading.default\">\n\t\t\t\t<div class=\"elementor-widget-container\">\n\t\t\t\t\t<h2 class=\"elementor-heading-title elementor-size-default\">Comp\u00e9tences acquises<\/h2>\t\t\t\t<\/div>\n\t\t\t\t<\/div>\n\t\t\t\t<div class=\"elementor-element elementor-element-e45cda6 elementor-widget elementor-widget-text-editor\" data-id=\"e45cda6\" data-element_type=\"widget\" data-e-type=\"widget\" data-widget_type=\"text-editor.default\">\n\t\t\t\t<div class=\"elementor-widget-container\">\n\t\t\t\t\t\t\t\t\t<ul data-start=\"3430\" data-end=\"3913\"><li data-start=\"3430\" data-end=\"3526\"><p data-start=\"3432\" data-end=\"3526\">Expertise dans cinq techniques faciales asiatiques reconnues dans le domaine du bien-\u00eatre professionnel.<\/p><\/li><li data-start=\"3527\" data-end=\"3606\"><p data-start=\"3529\" data-end=\"3606\">Capacit\u00e9 \u00e0 effectuer des rituels holistiques complets de lifting et de rajeunissement.<\/p><\/li><li data-start=\"3607\" data-end=\"3692\"><p data-start=\"3609\" data-end=\"3692\">Compr\u00e9hension de l&rsquo;\u00e9quilibre \u00e9nerg\u00e9tique, du drainage lymphatique et du modelage du visage.<\/p><\/li><li data-start=\"3693\" data-end=\"3802\"><p data-start=\"3695\" data-end=\"3802\">La confiance pour offrir des soins personnalis\u00e9s et de grande valeur qui allient th\u00e9rapie, beaut\u00e9 et bien-\u00eatre.<\/p><\/li><li data-start=\"3803\" data-end=\"3913\"><p data-start=\"3805\" data-end=\"3913\">Reconnaissance comme Asian Natural Facialist certifi\u00e9e<\/p><\/li><\/ul>\t\t\t\t\t\t\t\t<\/div>\n\t\t\t\t<\/div>\n\t\t\t\t<\/div>\n\t\t\t\t\t<\/div>\n\t\t\t\t<\/div>\n\t\t<div data-particle_enable=\"false\" data-particle-mobile-disabled=\"false\" class=\"elementor-element elementor-element-f575cb4 e-flex e-con-boxed wpr-particle-no wpr-jarallax-no wpr-parallax-no wpr-sticky-section-no wpr-equal-height-no e-con e-parent\" data-id=\"f575cb4\" data-element_type=\"container\" data-e-type=\"container\">\n\t\t\t\t\t<div class=\"e-con-inner\">\n\t\t<div data-particle_enable=\"false\" data-particle-mobile-disabled=\"false\" class=\"elementor-element elementor-element-d27b021 e-con-full e-flex wpr-particle-no wpr-jarallax-no wpr-parallax-no wpr-sticky-section-no wpr-equal-height-no e-con e-child\" data-id=\"d27b021\" data-element_type=\"container\" data-e-type=\"container\">\n\t\t\t\t<div class=\"elementor-element elementor-element-d7d3b3e elementor-widget elementor-widget-heading\" data-id=\"d7d3b3e\" data-element_type=\"widget\" data-e-type=\"widget\" data-widget_type=\"heading.default\">\n\t\t\t\t<div class=\"elementor-widget-container\">\n\t\t\t\t\t<h2 class=\"elementor-heading-title elementor-size-default\">Avantages du cours\n<\/h2>\t\t\t\t<\/div>\n\t\t\t\t<\/div>\n\t\t\t\t<div class=\"elementor-element elementor-element-5cc9f8b elementor-widget elementor-widget-text-editor\" data-id=\"5cc9f8b\" data-element_type=\"widget\" data-e-type=\"widget\" data-widget_type=\"text-editor.default\">\n\t\t\t\t<div class=\"elementor-widget-container\">\n\t\t\t\t\t\t\t\t\t<ul><li data-start=\"2367\" data-end=\"2454\"><p data-start=\"2369\" data-end=\"2454\">Ma\u00eetrise totale du lifting naturel asiatique &#8211; Technique Kobido.<\/p><\/li><li data-start=\"2455\" data-end=\"2548\"><p data-start=\"2457\" data-end=\"2548\">Confiance dans l&rsquo;ex\u00e9cution d&rsquo;un rituel facial complet, personnalis\u00e9 et \u00e9nerg\u00e9tiquement align\u00e9.<\/p><\/li><li data-start=\"2549\" data-end=\"2616\"><p data-start=\"2551\" data-end=\"2616\">Ma\u00eetrise d&rsquo;une dext\u00e9rit\u00e9 manuelle, d&rsquo;une coordination et d&rsquo;un rythme avanc\u00e9s.<\/p><\/li><li data-start=\"2617\" data-end=\"2708\"><p data-start=\"2619\" data-end=\"2708\">Capacit\u00e9 d&rsquo;\u00e9valuer et d&rsquo;autocorriger votre technique afin de maintenir des normes de haute qualit\u00e9.<\/p><\/li><\/ul>\t\t\t\t\t\t\t\t<\/div>\n\t\t\t\t<\/div>\n\t\t\t\t<\/div>\n\t\t\t\t\t<\/div>\n\t\t\t\t<\/div>\n\t\t<div data-particle_enable=\"false\" data-particle-mobile-disabled=\"false\" class=\"elementor-element elementor-element-5ef3ee3 e-flex e-con-boxed wpr-particle-no wpr-jarallax-no wpr-parallax-no wpr-sticky-section-no wpr-equal-height-no e-con e-parent\" data-id=\"5ef3ee3\" data-element_type=\"container\" data-e-type=\"container\">\n\t\t\t\t\t<div class=\"e-con-inner\">\n\t\t<div data-particle_enable=\"false\" data-particle-mobile-disabled=\"false\" class=\"elementor-element elementor-element-4c75046 e-con-full e-flex wpr-particle-no wpr-jarallax-no wpr-parallax-no wpr-sticky-section-no wpr-equal-height-no e-con e-child\" data-id=\"4c75046\" data-element_type=\"container\" data-e-type=\"container\">\n\t\t\t\t<div class=\"elementor-element elementor-element-b709c94 elementor-widget elementor-widget-heading\" data-id=\"b709c94\" data-element_type=\"widget\" data-e-type=\"widget\" data-widget_type=\"heading.default\">\n\t\t\t\t<div class=\"elementor-widget-container\">\n\t\t\t\t\t<h2 class=\"elementor-heading-title elementor-size-default\">Pourquoi choisir ce dipl\u00f4me ?<\/h2>\t\t\t\t<\/div>\n\t\t\t\t<\/div>\n\t\t\t\t<div class=\"elementor-element elementor-element-c75c2a7 elementor-widget elementor-widget-text-editor\" data-id=\"c75c2a7\" data-element_type=\"widget\" data-e-type=\"widget\" data-widget_type=\"text-editor.default\">\n\t\t\t\t<div class=\"elementor-widget-container\">\n\t\t\t\t\t\t\t\t\t<p data-start=\"3957\" data-end=\"4059\"> <\/p><ul data-start=\"3955\" data-end=\"4422\"><li data-start=\"4060\" data-end=\"4130\"><p data-start=\"4062\" data-end=\"4130\">Combine les approches th\u00e9rapeutiques japonaises, chinoises et modernes.<\/p><\/li><li data-start=\"4131\" data-end=\"4209\"><p data-start=\"4133\" data-end=\"4209\">Petit groupe, format pratique pour une orientation personnelle et une ma\u00eetrise individuelle.<\/p><\/li><li data-start=\"4210\" data-end=\"4310\"><p data-start=\"4212\" data-end=\"4310\">Certification professionnelle reconnue (110 heures) pour les visagistes et les praticiens du bien-\u00eatre.<\/p><\/li><li data-start=\"4311\" data-end=\"4422\"><p data-start=\"4313\" data-end=\"4422\">Un parcours complet pour devenir un facialiste holistique sp\u00e9cialis\u00e9 dans le lifting naturel et la beaut\u00e9 \u00e9nerg\u00e9tique.<\/p><\/li><\/ul>\t\t\t\t\t\t\t\t<\/div>\n\t\t\t\t<\/div>\n\t\t\t\t<\/div>\n\t\t\t\t\t<\/div>\n\t\t\t\t<\/div>\n\t\t<div data-particle_enable=\"false\" data-particle-mobile-disabled=\"false\" class=\"elementor-element elementor-element-8eca411 e-flex e-con-boxed wpr-particle-no wpr-jarallax-no wpr-parallax-no wpr-sticky-section-no wpr-equal-height-no e-con e-parent\" data-id=\"8eca411\" data-element_type=\"container\" data-e-type=\"container\">\n\t\t\t\t\t<div class=\"e-con-inner\">\n\t\t<div data-particle_enable=\"false\" data-particle-mobile-disabled=\"false\" class=\"elementor-element elementor-element-8030f4b e-con-full e-flex wpr-particle-no wpr-jarallax-no wpr-parallax-no wpr-sticky-section-no wpr-equal-height-no e-con e-child\" data-id=\"8030f4b\" data-element_type=\"container\" data-e-type=\"container\">\n\t\t\t\t<div class=\"elementor-element elementor-element-4d85088 elementor-widget elementor-widget-heading\" data-id=\"4d85088\" data-element_type=\"widget\" data-e-type=\"widget\" data-widget_type=\"heading.default\">\n\t\t\t\t<div class=\"elementor-widget-container\">\n\t\t\t\t\t<h2 class=\"elementor-heading-title elementor-size-default\">D\u00e9tails du cours<\/h2>\t\t\t\t<\/div>\n\t\t\t\t<\/div>\n\t\t\t\t<div class=\"elementor-element elementor-element-8598369 elementor-widget elementor-widget-text-editor\" data-id=\"8598369\" data-element_type=\"widget\" data-e-type=\"widget\" data-widget_type=\"text-editor.default\">\n\t\t\t\t<div class=\"elementor-widget-container\">\n\t\t\t\t\t\t\t\t\t<p class=\"\" style=\"padding-left: 40px;\" data-start=\"3417\" data-end=\"3441\"><strong data-start=\"3417\" data-end=\"3430\">Dur\u00e9e totale :<\/strong> 102 heures<\/p><p class=\"\" style=\"padding-left: 40px;\" data-start=\"3444\" data-end=\"3496\"><strong data-start=\"3444\" data-end=\"3455\">Format :<\/strong> Formation pratique en personne \u00e0 Gen\u00e8ve<\/p><p style=\"padding-left: 40px;\"><strong data-start=\"2499\" data-end=\"2511\">Modules :<\/strong> 5 (\u00e0 compl\u00e9ter en s\u00e9quence ou individuellement)<\/p><p style=\"padding-left: 40px;\" data-start=\"3444\" data-end=\"3496\"><strong data-start=\"3444\" data-end=\"3455\">Lieu : <\/strong>Acad\u00e9mie Clarissaglow, Avenue Louis Casai 71, 1216 Cointrin<\/p><p class=\"\" style=\"padding-left: 40px;\" data-start=\"3499\" data-end=\"3606\"><strong data-start=\"3499\" data-end=\"3517\">Certification : <\/strong><em data-start=\"2669\" data-end=\"2745\">Dipl\u00f4me de Facialiste Naturel Asiatique <\/em> <\/p><p class=\"\" style=\"padding-left: 40px;\" data-start=\"3499\" data-end=\"3606\"><strong>Langue : <\/strong>Le cours est dispens\u00e9 en anglais et en fran\u00e7ais<\/p><p class=\"\" style=\"padding-left: 80px;\" data-start=\"986\" data-end=\"1019\">Exigences en mati\u00e8re de certification :<\/p><ul><li style=\"list-style-type: none;\"><ul><li style=\"list-style-type: none;\"><ul data-start=\"984\" data-end=\"1181\"><li class=\"\" data-start=\"1022\" data-end=\"1052\"><p class=\"\" data-start=\"1024\" data-end=\"1052\">90% de pr\u00e9sence au minimum<\/p><\/li><li class=\"\" data-start=\"1055\" data-end=\"1126\"><p class=\"\" data-start=\"1057\" data-end=\"1126\">Participation active aux sessions pratiques et th\u00e9oriques<\/p><\/li><li class=\"\" data-start=\"1129\" data-end=\"1181\"><p class=\"\" data-start=\"1131\" data-end=\"1181\">R\u00e9ussir les \u00e9valuations finales<\/p><\/li><\/ul><\/li><\/ul><\/li><\/ul><p style=\"padding-left: 40px;\" data-start=\"423\" data-end=\"479\"><strong>Contactez-nous pour plus d&rsquo;informations <span style=\"color: #805b3f;\">: <a style=\"color: #805b3f;\" href=\"tel:+41%2076%20802%209983\">+41 76 802 9983<\/a> <\/span> <\/strong><\/p><p style=\"padding-left: 40px;\" data-start=\"423\" data-end=\"479\"><strong>Abonnement : <span style=\"color: #805b3f;\"><a style=\"color: #805b3f;\" href=\"mailto:academy@clarissaglow.ch\">academy@clarissaglow.ch<\/a><\/span><\/strong><\/p>\t\t\t\t\t\t\t\t<\/div>\n\t\t\t\t<\/div>\n\t\t\t\t<\/div>\n\t\t\t\t\t<\/div>\n\t\t\t\t<\/div>\n\t\t\t\t<\/div>\n\t\t","protected":false},"featured_media":70547,"template":"","meta":{"_acf_changed":false},"course_type":[],"class_list":["post-70541","course","type-course","status-publish","has-post-thumbnail","hentry"],"acf":[],"yoast_head":"<!-- This site is optimized with the Yoast SEO plugin v27.4 - https:\/\/yoast.com\/product\/yoast-seo-wordpress\/ -->\n<title>Dipl\u00f4me de Facialiste Naturel Asiatique | Clarissaglow Academy Geneva<\/title>\n<meta name=\"description\" content=\"Cette formation professionnelle de 110 heures combine des techniques de beaut\u00e9 holistiques asiatiques.\" \/>\n<meta name=\"robots\" content=\"index, follow, max-snippet:-1, max-image-preview:large, max-video-preview:-1\" \/>\n<link rel=\"canonical\" href=\"https:\/\/academy.clarissaglow.ch\/fr\/course\/formation-facialiste-clarissaglow-cademy\/\" \/>\n<meta property=\"og:locale\" content=\"fr_FR\" \/>\n<meta property=\"og:type\" content=\"article\" \/>\n<meta property=\"og:title\" content=\"Dipl\u00f4me de Facialiste Naturel Asiatique | Clarissaglow Academy Geneva\" \/>\n<meta property=\"og:description\" content=\"Cette formation professionnelle de 110 heures combine des techniques de beaut\u00e9 holistiques asiatiques.\" \/>\n<meta property=\"og:url\" content=\"https:\/\/academy.clarissaglow.ch\/fr\/course\/formation-facialiste-clarissaglow-cademy\/\" \/>\n<meta property=\"og:site_name\" content=\"Clarissaglow Academy\" \/>\n<meta property=\"article:publisher\" content=\"https:\/\/www.facebook.com\/profile.php?id=61557027672261\" \/>\n<meta property=\"article:modified_time\" content=\"2026-04-02T17:34:32+00:00\" \/>\n<meta property=\"og:image\" content=\"https:\/\/academy.clarissaglow.ch\/wp-content\/uploads\/2025\/11\/Clarissaglow-Pictures-website-22-1024x1024.png\" \/>\n\t<meta property=\"og:image:width\" content=\"1024\" \/>\n\t<meta property=\"og:image:height\" content=\"1024\" \/>\n\t<meta property=\"og:image:type\" content=\"image\/png\" \/>\n<meta name=\"twitter:card\" content=\"summary_large_image\" \/>\n<meta name=\"twitter:label1\" content=\"Dur\u00e9e de lecture estim\u00e9e\" \/>\n\t<meta name=\"twitter:data1\" content=\"6 minutes\" \/>\n<script type=\"application\/ld+json\" class=\"yoast-schema-graph\">{\"@context\":\"https:\\\/\\\/schema.org\",\"@graph\":[{\"@type\":\"WebPage\",\"@id\":\"https:\\\/\\\/academy.clarissaglow.ch\\\/fr\\\/course\\\/formation-facialiste-clarissaglow-cademy\\\/\",\"url\":\"https:\\\/\\\/academy.clarissaglow.ch\\\/fr\\\/course\\\/formation-facialiste-clarissaglow-cademy\\\/\",\"name\":\"Dipl\u00f4me de Facialiste Naturel Asiatique | Clarissaglow Academy Geneva\",\"isPartOf\":{\"@id\":\"https:\\\/\\\/academy.clarissaglow.ch\\\/fr\\\/#website\"},\"primaryImageOfPage\":{\"@id\":\"https:\\\/\\\/academy.clarissaglow.ch\\\/fr\\\/course\\\/formation-facialiste-clarissaglow-cademy\\\/#primaryimage\"},\"image\":{\"@id\":\"https:\\\/\\\/academy.clarissaglow.ch\\\/fr\\\/course\\\/formation-facialiste-clarissaglow-cademy\\\/#primaryimage\"},\"thumbnailUrl\":\"https:\\\/\\\/academy.clarissaglow.ch\\\/wp-content\\\/uploads\\\/2025\\\/11\\\/Clarissaglow-Pictures-website-22.png\",\"datePublished\":\"2025-11-04T18:04:30+00:00\",\"dateModified\":\"2026-04-02T17:34:32+00:00\",\"description\":\"Cette formation professionnelle de 110 heures combine des techniques de beaut\u00e9 holistiques asiatiques.\",\"breadcrumb\":{\"@id\":\"https:\\\/\\\/academy.clarissaglow.ch\\\/fr\\\/course\\\/formation-facialiste-clarissaglow-cademy\\\/#breadcrumb\"},\"inLanguage\":\"fr-FR\",\"potentialAction\":[{\"@type\":\"ReadAction\",\"target\":[\"https:\\\/\\\/academy.clarissaglow.ch\\\/fr\\\/course\\\/formation-facialiste-clarissaglow-cademy\\\/\"]}]},{\"@type\":\"ImageObject\",\"inLanguage\":\"fr-FR\",\"@id\":\"https:\\\/\\\/academy.clarissaglow.ch\\\/fr\\\/course\\\/formation-facialiste-clarissaglow-cademy\\\/#primaryimage\",\"url\":\"https:\\\/\\\/academy.clarissaglow.ch\\\/wp-content\\\/uploads\\\/2025\\\/11\\\/Clarissaglow-Pictures-website-22.png\",\"contentUrl\":\"https:\\\/\\\/academy.clarissaglow.ch\\\/wp-content\\\/uploads\\\/2025\\\/11\\\/Clarissaglow-Pictures-website-22.png\",\"width\":2048,\"height\":2048},{\"@type\":\"BreadcrumbList\",\"@id\":\"https:\\\/\\\/academy.clarissaglow.ch\\\/fr\\\/course\\\/formation-facialiste-clarissaglow-cademy\\\/#breadcrumb\",\"itemListElement\":[{\"@type\":\"ListItem\",\"position\":1,\"name\":\"Home\",\"item\":\"https:\\\/\\\/academy.clarissaglow.ch\\\/fr\\\/\"},{\"@type\":\"ListItem\",\"position\":2,\"name\":\"Dipl\u00f4me de Facialiste Naturel Asiatique\"}]},{\"@type\":\"WebSite\",\"@id\":\"https:\\\/\\\/academy.clarissaglow.ch\\\/fr\\\/#website\",\"url\":\"https:\\\/\\\/academy.clarissaglow.ch\\\/fr\\\/\",\"name\":\"academy.clarissaglow.ch\",\"description\":\"Professional Training in Massage &amp; Aesthetics.\",\"publisher\":{\"@id\":\"https:\\\/\\\/academy.clarissaglow.ch\\\/fr\\\/#organization\"},\"potentialAction\":[{\"@type\":\"SearchAction\",\"target\":{\"@type\":\"EntryPoint\",\"urlTemplate\":\"https:\\\/\\\/academy.clarissaglow.ch\\\/fr\\\/?s={search_term_string}\"},\"query-input\":{\"@type\":\"PropertyValueSpecification\",\"valueRequired\":true,\"valueName\":\"search_term_string\"}}],\"inLanguage\":\"fr-FR\"},{\"@type\":\"Organization\",\"@id\":\"https:\\\/\\\/academy.clarissaglow.ch\\\/fr\\\/#organization\",\"name\":\"academy.clarissaglow.ch\",\"url\":\"https:\\\/\\\/academy.clarissaglow.ch\\\/fr\\\/\",\"logo\":{\"@type\":\"ImageObject\",\"inLanguage\":\"fr-FR\",\"@id\":\"https:\\\/\\\/academy.clarissaglow.ch\\\/fr\\\/#\\\/schema\\\/logo\\\/image\\\/\",\"url\":\"https:\\\/\\\/academy.clarissaglow.ch\\\/wp-content\\\/uploads\\\/2024\\\/01\\\/Logo-31.png\",\"contentUrl\":\"https:\\\/\\\/academy.clarissaglow.ch\\\/wp-content\\\/uploads\\\/2024\\\/01\\\/Logo-31.png\",\"width\":500,\"height\":500,\"caption\":\"academy.clarissaglow.ch\"},\"image\":{\"@id\":\"https:\\\/\\\/academy.clarissaglow.ch\\\/fr\\\/#\\\/schema\\\/logo\\\/image\\\/\"},\"sameAs\":[\"https:\\\/\\\/www.facebook.com\\\/profile.php?id=61557027672261\"]}]}<\/script>\n<!-- \/ Yoast SEO plugin. -->","yoast_head_json":{"title":"Dipl\u00f4me de Facialiste Naturel Asiatique | Clarissaglow Academy Geneva","description":"Cette formation professionnelle de 110 heures combine des techniques de beaut\u00e9 holistiques asiatiques.","robots":{"index":"index","follow":"follow","max-snippet":"max-snippet:-1","max-image-preview":"max-image-preview:large","max-video-preview":"max-video-preview:-1"},"canonical":"https:\/\/academy.clarissaglow.ch\/fr\/course\/formation-facialiste-clarissaglow-cademy\/","og_locale":"fr_FR","og_type":"article","og_title":"Dipl\u00f4me de Facialiste Naturel Asiatique | Clarissaglow Academy Geneva","og_description":"Cette formation professionnelle de 110 heures combine des techniques de beaut\u00e9 holistiques asiatiques.","og_url":"https:\/\/academy.clarissaglow.ch\/fr\/course\/formation-facialiste-clarissaglow-cademy\/","og_site_name":"Clarissaglow Academy","article_publisher":"https:\/\/www.facebook.com\/profile.php?id=61557027672261","article_modified_time":"2026-04-02T17:34:32+00:00","og_image":[{"width":1024,"height":1024,"url":"https:\/\/academy.clarissaglow.ch\/wp-content\/uploads\/2025\/11\/Clarissaglow-Pictures-website-22-1024x1024.png","type":"image\/png"}],"twitter_card":"summary_large_image","twitter_misc":{"Dur\u00e9e de lecture estim\u00e9e":"6 minutes"},"schema":{"@context":"https:\/\/schema.org","@graph":[{"@type":"WebPage","@id":"https:\/\/academy.clarissaglow.ch\/fr\/course\/formation-facialiste-clarissaglow-cademy\/","url":"https:\/\/academy.clarissaglow.ch\/fr\/course\/formation-facialiste-clarissaglow-cademy\/","name":"Dipl\u00f4me de Facialiste Naturel Asiatique | Clarissaglow Academy Geneva","isPartOf":{"@id":"https:\/\/academy.clarissaglow.ch\/fr\/#website"},"primaryImageOfPage":{"@id":"https:\/\/academy.clarissaglow.ch\/fr\/course\/formation-facialiste-clarissaglow-cademy\/#primaryimage"},"image":{"@id":"https:\/\/academy.clarissaglow.ch\/fr\/course\/formation-facialiste-clarissaglow-cademy\/#primaryimage"},"thumbnailUrl":"https:\/\/academy.clarissaglow.ch\/wp-content\/uploads\/2025\/11\/Clarissaglow-Pictures-website-22.png","datePublished":"2025-11-04T18:04:30+00:00","dateModified":"2026-04-02T17:34:32+00:00","description":"Cette formation professionnelle de 110 heures combine des techniques de beaut\u00e9 holistiques asiatiques.","breadcrumb":{"@id":"https:\/\/academy.clarissaglow.ch\/fr\/course\/formation-facialiste-clarissaglow-cademy\/#breadcrumb"},"inLanguage":"fr-FR","potentialAction":[{"@type":"ReadAction","target":["https:\/\/academy.clarissaglow.ch\/fr\/course\/formation-facialiste-clarissaglow-cademy\/"]}]},{"@type":"ImageObject","inLanguage":"fr-FR","@id":"https:\/\/academy.clarissaglow.ch\/fr\/course\/formation-facialiste-clarissaglow-cademy\/#primaryimage","url":"https:\/\/academy.clarissaglow.ch\/wp-content\/uploads\/2025\/11\/Clarissaglow-Pictures-website-22.png","contentUrl":"https:\/\/academy.clarissaglow.ch\/wp-content\/uploads\/2025\/11\/Clarissaglow-Pictures-website-22.png","width":2048,"height":2048},{"@type":"BreadcrumbList","@id":"https:\/\/academy.clarissaglow.ch\/fr\/course\/formation-facialiste-clarissaglow-cademy\/#breadcrumb","itemListElement":[{"@type":"ListItem","position":1,"name":"Home","item":"https:\/\/academy.clarissaglow.ch\/fr\/"},{"@type":"ListItem","position":2,"name":"Dipl\u00f4me de Facialiste Naturel Asiatique"}]},{"@type":"WebSite","@id":"https:\/\/academy.clarissaglow.ch\/fr\/#website","url":"https:\/\/academy.clarissaglow.ch\/fr\/","name":"academy.clarissaglow.ch","description":"Professional Training in Massage &amp; Aesthetics.","publisher":{"@id":"https:\/\/academy.clarissaglow.ch\/fr\/#organization"},"potentialAction":[{"@type":"SearchAction","target":{"@type":"EntryPoint","urlTemplate":"https:\/\/academy.clarissaglow.ch\/fr\/?s={search_term_string}"},"query-input":{"@type":"PropertyValueSpecification","valueRequired":true,"valueName":"search_term_string"}}],"inLanguage":"fr-FR"},{"@type":"Organization","@id":"https:\/\/academy.clarissaglow.ch\/fr\/#organization","name":"academy.clarissaglow.ch","url":"https:\/\/academy.clarissaglow.ch\/fr\/","logo":{"@type":"ImageObject","inLanguage":"fr-FR","@id":"https:\/\/academy.clarissaglow.ch\/fr\/#\/schema\/logo\/image\/","url":"https:\/\/academy.clarissaglow.ch\/wp-content\/uploads\/2024\/01\/Logo-31.png","contentUrl":"https:\/\/academy.clarissaglow.ch\/wp-content\/uploads\/2024\/01\/Logo-31.png","width":500,"height":500,"caption":"academy.clarissaglow.ch"},"image":{"@id":"https:\/\/academy.clarissaglow.ch\/fr\/#\/schema\/logo\/image\/"},"sameAs":["https:\/\/www.facebook.com\/profile.php?id=61557027672261"]}]}},"jetpack_sharing_enabled":true,"rttpg_featured_image_url":{"full":["https:\/\/academy.clarissaglow.ch\/wp-content\/uploads\/2025\/11\/Clarissaglow-Pictures-website-22.png",2048,2048,false],"landscape":["https:\/\/academy.clarissaglow.ch\/wp-content\/uploads\/2025\/11\/Clarissaglow-Pictures-website-22.png",2048,2048,false],"portraits":["https:\/\/academy.clarissaglow.ch\/wp-content\/uploads\/2025\/11\/Clarissaglow-Pictures-website-22.png",2048,2048,false],"thumbnail":["https:\/\/academy.clarissaglow.ch\/wp-content\/uploads\/2025\/11\/Clarissaglow-Pictures-website-22-150x150.png",150,150,true],"medium":["https:\/\/academy.clarissaglow.ch\/wp-content\/uploads\/2025\/11\/Clarissaglow-Pictures-website-22-300x300.png",300,300,true],"large":["https:\/\/academy.clarissaglow.ch\/wp-content\/uploads\/2025\/11\/Clarissaglow-Pictures-website-22-1024x1024.png",800,800,true],"1536x1536":["https:\/\/academy.clarissaglow.ch\/wp-content\/uploads\/2025\/11\/Clarissaglow-Pictures-website-22-1536x1536.png",1536,1536,true],"2048x2048":["https:\/\/academy.clarissaglow.ch\/wp-content\/uploads\/2025\/11\/Clarissaglow-Pictures-website-22.png",2048,2048,false],"mailpoet_newsletter_max":["https:\/\/academy.clarissaglow.ch\/wp-content\/uploads\/2025\/11\/Clarissaglow-Pictures-website-22-1320x1320.png",1320,1320,true],"woocommerce_thumbnail":["https:\/\/academy.clarissaglow.ch\/wp-content\/uploads\/2025\/11\/Clarissaglow-Pictures-website-22-300x300.png",300,300,true],"woocommerce_single":["https:\/\/academy.clarissaglow.ch\/wp-content\/uploads\/2025\/11\/Clarissaglow-Pictures-website-22-600x600.png",600,600,true],"woocommerce_gallery_thumbnail":["https:\/\/academy.clarissaglow.ch\/wp-content\/uploads\/2025\/11\/Clarissaglow-Pictures-website-22-100x100.png",100,100,true],"rt_custom":["https:\/\/academy.clarissaglow.ch\/wp-content\/uploads\/2025\/11\/Clarissaglow-Pictures-website-22.png",2048,2048,false]},"rttpg_author":{"display_name":"Clarissaglow Academy","author_link":"https:\/\/academy.clarissaglow.ch\/fr\/author\/"},"rttpg_comment":0,"rttpg_category":false,"rttpg_excerpt":"Dipl\u00f4me de Facialiste Naturel Asiatique Ma\u00eetrisez l&rsquo;art du rajeunissement facial holistique inspir\u00e9 des traditions asiatiques Le Dipl\u00f4me de Facialiste Naturel Asiatique de l&rsquo;Acad\u00e9mie Clarissaglow est un programme de formation professionnelle approfondie qui r\u00e9unit des techniques asiatiques ancestrales, un travail \u00e9nerg\u00e9tique holistique et un art du visage moderne en un seul voyage d&rsquo;apprentissage transformateur. D\u00e9velopp\u00e9 en\u2026","_links":{"self":[{"href":"https:\/\/academy.clarissaglow.ch\/fr\/wp-json\/wp\/v2\/course\/70541","targetHints":{"allow":["GET"]}}],"collection":[{"href":"https:\/\/academy.clarissaglow.ch\/fr\/wp-json\/wp\/v2\/course"}],"about":[{"href":"https:\/\/academy.clarissaglow.ch\/fr\/wp-json\/wp\/v2\/types\/course"}],"version-history":[{"count":16,"href":"https:\/\/academy.clarissaglow.ch\/fr\/wp-json\/wp\/v2\/course\/70541\/revisions"}],"predecessor-version":[{"id":72796,"href":"https:\/\/academy.clarissaglow.ch\/fr\/wp-json\/wp\/v2\/course\/70541\/revisions\/72796"}],"wp:featuredmedia":[{"embeddable":true,"href":"https:\/\/academy.clarissaglow.ch\/fr\/wp-json\/wp\/v2\/media\/70547"}],"wp:attachment":[{"href":"https:\/\/academy.clarissaglow.ch\/fr\/wp-json\/wp\/v2\/media?parent=70541"}],"wp:term":[{"taxonomy":"course_type","embeddable":true,"href":"https:\/\/academy.clarissaglow.ch\/fr\/wp-json\/wp\/v2\/course_type?post=70541"}],"curies":[{"name":"wp","href":"https:\/\/api.w.org\/{rel}","templated":true}]}}