{"id":65955,"date":"2025-06-01T07:38:19","date_gmt":"2025-06-01T05:38:19","guid":{"rendered":"https:\/\/academy.clarissaglow.ch\/course\/cours-de-spa-practitioner\/"},"modified":"2026-04-02T19:33:06","modified_gmt":"2026-04-02T17:33:06","slug":"cours-de-spa-practitioner","status":"publish","type":"course","link":"https:\/\/academy.clarissaglow.ch\/fr\/course\/cours-de-spa-practitioner\/","title":{"rendered":"Cours de Spa Practitioner"},"content":{"rendered":"\t\t<div data-elementor-type=\"wp-post\" data-elementor-id=\"65955\" class=\"elementor elementor-65955 elementor-65911\" data-elementor-post-type=\"course\">\n\t\t\t\t<div data-particle_enable=\"false\" data-particle-mobile-disabled=\"false\" class=\"elementor-element elementor-element-9c4e62d e-flex e-con-boxed wpr-particle-no wpr-jarallax-no wpr-parallax-no wpr-sticky-section-no wpr-equal-height-no e-con e-parent\" data-id=\"9c4e62d\" data-element_type=\"container\" data-e-type=\"container\">\n\t\t\t\t\t<div class=\"e-con-inner\">\n\t\t<div data-particle_enable=\"false\" data-particle-mobile-disabled=\"false\" class=\"elementor-element elementor-element-9cc9a8a e-con-full e-flex wpr-particle-no wpr-jarallax-no wpr-parallax-no wpr-sticky-section-no wpr-equal-height-no e-con e-child\" data-id=\"9cc9a8a\" data-element_type=\"container\" data-e-type=\"container\">\n\t\t\t\t<div class=\"elementor-element elementor-element-2272284 elementor-widget elementor-widget-image\" data-id=\"2272284\" data-element_type=\"widget\" data-e-type=\"widget\" data-widget_type=\"image.default\">\n\t\t\t\t<div class=\"elementor-widget-container\">\n\t\t\t\t\t\t\t\t\t\t\t\t\t\t\t<img fetchpriority=\"high\" decoding=\"async\" width=\"768\" height=\"768\" src=\"https:\/\/academy.clarissaglow.ch\/wp-content\/uploads\/2024\/01\/Pictures-6-768x768.png\" class=\"attachment-medium_large size-medium_large wp-image-50751\" alt=\"\" srcset=\"https:\/\/academy.clarissaglow.ch\/wp-content\/uploads\/2024\/01\/Pictures-6-768x768.png 768w, https:\/\/academy.clarissaglow.ch\/wp-content\/uploads\/2024\/01\/elementor\/thumbs\/Pictures-6-qill91a9z1uue08jq2m9n6ctlmdcg4qdv6fvwly46w.png 300w, https:\/\/academy.clarissaglow.ch\/wp-content\/uploads\/2024\/01\/Pictures-6-100x100.png 100w, https:\/\/academy.clarissaglow.ch\/wp-content\/uploads\/2024\/01\/Pictures-6-600x600.png 600w, https:\/\/academy.clarissaglow.ch\/wp-content\/uploads\/2024\/01\/Pictures-6-1024x1024.png 1024w, https:\/\/academy.clarissaglow.ch\/wp-content\/uploads\/2024\/01\/Pictures-6-150x150.png 150w, https:\/\/academy.clarissaglow.ch\/wp-content\/uploads\/2024\/01\/Pictures-6-1536x1536.png 1536w, https:\/\/academy.clarissaglow.ch\/wp-content\/uploads\/2024\/01\/Pictures-6.png 2048w\" sizes=\"(max-width: 768px) 100vw, 768px\" \/>\t\t\t\t\t\t\t\t\t\t\t\t\t\t\t<\/div>\n\t\t\t\t<\/div>\n\t\t\t\t<\/div>\n\t\t<div data-particle_enable=\"false\" data-particle-mobile-disabled=\"false\" class=\"elementor-element elementor-element-d38a96d e-con-full e-flex wpr-particle-no wpr-jarallax-no wpr-parallax-no wpr-sticky-section-no wpr-equal-height-no e-con e-child\" data-id=\"d38a96d\" data-element_type=\"container\" data-e-type=\"container\">\n\t\t\t\t<div class=\"elementor-element elementor-element-cbc6aa7 elementor-widget elementor-widget-heading\" data-id=\"cbc6aa7\" data-element_type=\"widget\" data-e-type=\"widget\" data-widget_type=\"heading.default\">\n\t\t\t\t<div class=\"elementor-widget-container\">\n\t\t\t\t\t<h1 class=\"elementor-heading-title elementor-size-default\">Spa Practitioner Course - Formation professionnelle de 3 mois  \n<\/h1>\t\t\t\t<\/div>\n\t\t\t\t<\/div>\n\t\t\t\t<div class=\"elementor-element elementor-element-19142e0 elementor-widget elementor-widget-heading\" data-id=\"19142e0\" data-element_type=\"widget\" data-e-type=\"widget\" data-widget_type=\"heading.default\">\n\t\t\t\t<div class=\"elementor-widget-container\">\n\t\t\t\t\t<h2 class=\"elementor-heading-title elementor-size-default\">Ma\u00eetrisez l'expertise du spa et du bien-\u00eatre en seulement 3 mois et boostez votre carri\u00e8re avec un dipl\u00f4me certifi\u00e9<\/h2>\t\t\t\t<\/div>\n\t\t\t\t<\/div>\n\t\t\t\t<div class=\"elementor-element elementor-element-cc73dc3 elementor-widget elementor-widget-text-editor\" data-id=\"cc73dc3\" data-element_type=\"widget\" data-e-type=\"widget\" data-widget_type=\"text-editor.default\">\n\t\t\t\t<div class=\"elementor-widget-container\">\n\t\t\t\t\t\t\t\t\t<p class=\"\" data-start=\"195\" data-end=\"453\">Vous souhaitez construire une carri\u00e8re r\u00e9ussie dans l&rsquo;industrie du spa et du bien-\u00eatre ? Notre cours de Spa Practitioner \u00e0 Gen\u00e8ve offre un programme complet de formation intensive de 3 mois con\u00e7u pour vous donner les comp\u00e9tences et la confiance n\u00e9cessaires pour vous d\u00e9marquer en tant que professionnel qualifi\u00e9. <\/p><p class=\"\" data-start=\"455\" data-end=\"837\">Tout au long de cette formation pratique, vous ma\u00eetriserez des techniques de massage expertes, apprendrez des rituels de spa professionnels et d\u00e9velopperez des comp\u00e9tences avanc\u00e9es en mati\u00e8re de soins aux clients afin d&rsquo;offrir des exp\u00e9riences de bien-\u00eatre inoubliables. Des gommages corporels et des soins du visage aux massages de renomm\u00e9e mondiale tels que le massage balinais, le massage Lomi-Lomi et le massage aux pierres chaudes, vous acquerrez des bases solides dans les services de spa les plus demand\u00e9s. <\/p><p class=\"\" data-start=\"839\" data-end=\"1223\">Vous apprendrez \u00e9galement \u00e0 g\u00e9rer une cabine de spa professionnelle, \u00e0 cr\u00e9er une ambiance parfaite et \u00e0 \u00e9tablir des relations solides avec les clients gr\u00e2ce \u00e0 un service personnalis\u00e9 et \u00e0 des recommandations de produits. Notre formation combine des sessions pratiques, des connaissances th\u00e9oriques en anatomie et physiologie et des techniques de service \u00e0 la client\u00e8le, vous pr\u00e9parant ainsi \u00e0 r\u00e9pondre aux normes \u00e9lev\u00e9es de l&rsquo;industrie du bien-\u00eatre. <\/p><p class=\"\" data-start=\"1225\" data-end=\"1410\">\u00c0 la fin de la formation, vous recevrez un dipl\u00f4me reconnu de Spa Practitioner, ce qui vous permettra de commencer en toute confiance votre carri\u00e8re dans les spas, les centres de bien-\u00eatre ou de lancer votre propre pratique.<\/p>\t\t\t\t\t\t\t\t<\/div>\n\t\t\t\t<\/div>\n\t\t\t\t<\/div>\n\t\t\t\t\t<\/div>\n\t\t\t\t<\/div>\n\t\t<div data-particle_enable=\"false\" data-particle-mobile-disabled=\"false\" class=\"elementor-element elementor-element-9d7c726 e-flex e-con-boxed wpr-particle-no wpr-jarallax-no wpr-parallax-no wpr-sticky-section-no wpr-equal-height-no e-con e-parent\" data-id=\"9d7c726\" data-element_type=\"container\" data-e-type=\"container\">\n\t\t\t\t\t<div class=\"e-con-inner\">\n\t\t<div data-particle_enable=\"false\" data-particle-mobile-disabled=\"false\" class=\"elementor-element elementor-element-545ec55 e-con-full e-flex wpr-particle-no wpr-jarallax-no wpr-parallax-no wpr-sticky-section-no wpr-equal-height-no e-con e-child\" data-id=\"545ec55\" data-element_type=\"container\" data-e-type=\"container\">\n\t\t\t\t<div class=\"elementor-element elementor-element-2a5917c elementor-widget elementor-widget-heading\" data-id=\"2a5917c\" data-element_type=\"widget\" data-e-type=\"widget\" data-widget_type=\"heading.default\">\n\t\t\t\t<div class=\"elementor-widget-container\">\n\t\t\t\t\t<h2 class=\"elementor-heading-title elementor-size-default\">Pourquoi le cours de spa practitioner<\/h2>\t\t\t\t<\/div>\n\t\t\t\t<\/div>\n\t\t\t\t<div class=\"elementor-element elementor-element-2e5c46a elementor-widget elementor-widget-text-editor\" data-id=\"2e5c46a\" data-element_type=\"widget\" data-e-type=\"widget\" data-widget_type=\"text-editor.default\">\n\t\t\t\t<div class=\"elementor-widget-container\">\n\t\t\t\t\t\t\t\t\t<p>Devenez un Spa Practitioner certifi\u00e9 et ma\u00eetrisez les techniques professionnelles de bien-\u00eatre du monde entier. Cette formation intensive de trois mois combine pratique et th\u00e9orie approfondie pour vous aider \u00e0 b\u00e2tir une carri\u00e8re enrichissante dans le secteur en plein essor du bien-\u00eatre. Apprenez \u00e0 g\u00e9rer des traitements de spa, \u00e0 cr\u00e9er des environnements relaxants et \u00e0 offrir des exp\u00e9riences exceptionnelles \u00e0 vos clients.  <\/p>\t\t\t\t\t\t\t\t<\/div>\n\t\t\t\t<\/div>\n\t\t\t\t<div class=\"elementor-element elementor-element-92a46f2 elementor-widget elementor-widget-elementskit-accordion\" data-id=\"92a46f2\" data-element_type=\"widget\" data-e-type=\"widget\" data-widget_type=\"elementskit-accordion.default\">\n\t\t\t\t<div class=\"elementor-widget-container\">\n\t\t\t\t\t<div class=\"ekit-wid-con\" >\n        <div class=\"elementskit-accordion accoedion-primary\" id=\"accordion-69f4c26f99c1e\">\n\n            \n                <div class=\"elementskit-card active\">\n                    <div class=\"elementskit-card-header\" id=\"primaryHeading-0-92a46f2\">\n                        <a href=\"#collapse-0d3197269f4c26f99c1e\" class=\"ekit-accordion--toggler elementskit-btn-link collapsed\" data-ekit-toggle=\"collapse\" data-target=\"#Collapse-0d3197269f4c26f99c1e\" aria-expanded=\"true\" aria-controls=\"Collapse-0d3197269f4c26f99c1e\">\n                            \n                            <span class=\"ekit-accordion-title\">Objectifs de la formation<\/span>\n\n                            \n                                <div class=\"ekit_accordion_icon_group\">\n                                    <div class=\"ekit_accordion_normal_icon\">\n                                        <!-- Normal Icon -->\n\t\t\t\t\t\t\t\t\t\t<i class=\"icon icon-down-arrow1\"><\/i>                                    <\/div>\n\n                                    <div class=\"ekit_accordion_active_icon\">\n                                        <!-- Active Icon -->\n\t\t\t\t\t\t\t\t\t\t<i class=\"icon icon-up-arrow\"><\/i>                                    <\/div>\n                                <\/div>\n\n                            \n                                                    <\/a>\n                    <\/div>\n\n                    <div id=\"Collapse-0d3197269f4c26f99c1e\" class=\" show collapse\" aria-labelledby=\"primaryHeading-0-92a46f2\" data-parent=\"#accordion-69f4c26f99c1e\">\n\n                        <div class=\"elementskit-card-body ekit-accordion--content\">\n                            <ul>\n<li class=\"\">\n<p class=\"\">Apprenez \u00e0 g\u00e9rer une cabine de spa professionnelle (hygi\u00e8ne, installation, d\u00e9coration, ambiance).<\/p>\n<\/li>\n<li class=\"\">\n<p class=\"\">Ma\u00eetrisez les techniques de bien-\u00eatre, de relaxation et de rituels de spa.<\/p>\n<\/li>\n<li class=\"\">\n<p class=\"\">Analyser les besoins des clients et recommander des traitements personnalis\u00e9s.<\/p>\n<\/li>\n<li class=\"\">\n<p class=\"\">Conseiller et vendre des produits de spa appropri\u00e9s.<\/p>\n<\/li>\n<li class=\"\">\n<p class=\"\">G\u00e9rer la satisfaction des clients et la r\u00e9solution des conflits.<\/p>\n<\/li>\n<li class=\"\">\n<p class=\"\">Fid\u00e9lisez vos clients gr\u00e2ce \u00e0 un service professionnel.<\/p>\n<\/li>\n<\/ul>\n                        <\/div>\n\n                    <\/div>\n\n                <\/div><!-- .elementskit-card END -->\n\n                \n                <div class=\"elementskit-card \">\n                    <div class=\"elementskit-card-header\" id=\"primaryHeading-1-92a46f2\">\n                        <a href=\"#collapse-1d5f6c769f4c26f99c1e\" class=\"ekit-accordion--toggler elementskit-btn-link collapsed\" data-ekit-toggle=\"collapse\" data-target=\"#Collapse-1d5f6c769f4c26f99c1e\" aria-expanded=\"false\" aria-controls=\"Collapse-1d5f6c769f4c26f99c1e\">\n                            \n                            <span class=\"ekit-accordion-title\">Comp\u00e9tences cl\u00e9s acquises<\/span>\n\n                            \n                                <div class=\"ekit_accordion_icon_group\">\n                                    <div class=\"ekit_accordion_normal_icon\">\n                                        <!-- Normal Icon -->\n\t\t\t\t\t\t\t\t\t\t<i class=\"icon icon-down-arrow1\"><\/i>                                    <\/div>\n\n                                    <div class=\"ekit_accordion_active_icon\">\n                                        <!-- Active Icon -->\n\t\t\t\t\t\t\t\t\t\t<i class=\"icon icon-up-arrow\"><\/i>                                    <\/div>\n                                <\/div>\n\n                            \n                                                    <\/a>\n                    <\/div>\n\n                    <div id=\"Collapse-1d5f6c769f4c26f99c1e\" class=\" collapse\" aria-labelledby=\"primaryHeading-1-92a46f2\" data-parent=\"#accordion-69f4c26f99c1e\">\n\n                        <div class=\"elementskit-card-body ekit-accordion--content\">\n                            <ul>\n<li class=\"\">\n<p class=\"\">Rituels relaxants pour le visage et le corps.<\/p>\n<\/li>\n<li class=\"\">\n<p class=\"\">Gommages, enveloppements et rituels relaxants pour le dos.<\/p>\n<\/li>\n<li class=\"\">\n<p class=\"\">R\u00e9flexologie plantaire inspir\u00e9e des traditions tha\u00eflandaises.<\/p>\n<\/li>\n<li class=\"\">\n<p class=\"\">Massage balinais, hawa\u00efen Lomi-Lomi, aux pierres chaudes, aux boules d'herbes, aux tissus profonds et \u00e0 la grossesse.<\/p>\n<\/li>\n<li class=\"\">\n<p class=\"\">Massage facial japonais et techniques de massage corporel amincissant.<\/p>\n<\/li>\n<li class=\"\">\n<p class=\"\">Vocabulaire de la vente, de l'accueil des clients et du spa professionnel en anglais.<\/p>\n<\/li>\n<li class=\"\">\n<p class=\"\">Anatomie et physiologie pour une pratique s\u00fbre.<\/p>\n<\/li>\n<\/ul>\n                        <\/div>\n\n                    <\/div>\n\n                <\/div><!-- .elementskit-card END -->\n\n                \n                <div class=\"elementskit-card \">\n                    <div class=\"elementskit-card-header\" id=\"primaryHeading-2-92a46f2\">\n                        <a href=\"#collapse-3a7624a69f4c26f99c1e\" class=\"ekit-accordion--toggler elementskit-btn-link collapsed\" data-ekit-toggle=\"collapse\" data-target=\"#Collapse-3a7624a69f4c26f99c1e\" aria-expanded=\"false\" aria-controls=\"Collapse-3a7624a69f4c26f99c1e\">\n                            \n                            <span class=\"ekit-accordion-title\">? ??? Aper\u00e7u du programme de cours  <\/span>\n\n                            \n                                <div class=\"ekit_accordion_icon_group\">\n                                    <div class=\"ekit_accordion_normal_icon\">\n                                        <!-- Normal Icon -->\n\t\t\t\t\t\t\t\t\t\t<i class=\"icon icon-down-arrow1\"><\/i>                                    <\/div>\n\n                                    <div class=\"ekit_accordion_active_icon\">\n                                        <!-- Active Icon -->\n\t\t\t\t\t\t\t\t\t\t<i class=\"icon icon-up-arrow\"><\/i>                                    <\/div>\n                                <\/div>\n\n                            \n                                                    <\/a>\n                    <\/div>\n\n                    <div id=\"Collapse-3a7624a69f4c26f99c1e\" class=\" collapse\" aria-labelledby=\"primaryHeading-2-92a46f2\" data-parent=\"#accordion-69f4c26f99c1e\">\n\n                        <div class=\"elementskit-card-body ekit-accordion--content\">\n                            <p><strong>Ambiance du spa et exp\u00e9rience du client<\/strong><\/p>\n<ul>\n<li class=\"\">\n<p class=\"\">Cr\u00e9er un environnement spa relaxant<\/p>\n<\/li>\n<li class=\"\">\n<p class=\"\">Choisir la musique pour favoriser la relaxation<\/p>\n<\/li>\n<li class=\"\">\n<p class=\"\">Pr\u00e9paration de la salle de traitement et du lit<\/p>\n<\/li>\n<li class=\"\">\n<p class=\"\">Accueil du client et comportement professionnel<\/p>\n<\/li>\n<li class=\"\">\n<p class=\"\">Proposer des tisanes et des rafra\u00eechissements l\u00e9gers<\/p>\n<\/li>\n<li class=\"\">\n<p class=\"\">Utilisation de bougies et d'\u00e9l\u00e9ments d\u00e9coratifs pour cr\u00e9er l'ambiance<\/p>\n<\/li>\n<\/ul>\n<p><strong>Aromath\u00e9rapie<\/strong><\/p>\n<ul>\n<li class=\"\">\n<p class=\"\">Les bienfaits physiques, \u00e9motionnels et subtils des huiles essentielles<\/p>\n<\/li>\n<li class=\"\">\n<p class=\"\">\u00c9tude des principales huiles essentielles et de leurs propri\u00e9t\u00e9s<\/p>\n<\/li>\n<li class=\"\">\n<p class=\"\">M\u00e9thodes d'extraction et stockage appropri\u00e9<\/p>\n<\/li>\n<li class=\"\">\n<p class=\"\">Comprendre les huiles photosensibles et pr\u00e9cieuses<\/p>\n<\/li>\n<li class=\"\">\n<p class=\"\">Choisir les bonnes huiles de support<\/p>\n<\/li>\n<li class=\"\">\n<p class=\"\">Dosage correct et pr\u00e9cautions de s\u00e9curit\u00e9<\/p>\n<\/li>\n<li class=\"\">\n<p class=\"\">M\u00e9langes d'huiles essentielles sugg\u00e9r\u00e9s pour le spa<\/p>\n<\/li>\n<\/ul>\n<p><strong>Phytoth\u00e9rapie<\/strong><\/p>\n<ul>\n<li class=\"\">\n<p class=\"\">Les bienfaits des plantes pour le bien-\u00eatre<\/p>\n<\/li>\n<li class=\"\">\n<p class=\"\">Indications et contre-indications des traitements \u00e0 base de plantes<\/p>\n<\/li>\n<li class=\"\">\n<p class=\"\">Effets des plantes sur l'organisme<\/p>\n<\/li>\n<li class=\"\">\n<p class=\"\">\u00c9tude des plantes thermales courantes et de leurs utilisations<\/p>\n<\/li>\n<li class=\"\">\n<p class=\"\">Posologie des traitements \u00e0 base de plantes<\/p>\n<\/li>\n<li class=\"\">\n<p class=\"\">Id\u00e9es de recettes de tisanes et de m\u00e9langes cr\u00e9atifs<\/p>\n<\/li>\n<li class=\"\">\n<p class=\"\">Introduction aux hydrosols et \u00e0 leurs applications<\/p>\n<\/li>\n<\/ul>\n<p><strong>Techniques de vente et fid\u00e9lisation des clients<\/strong><\/p>\n<ul>\n<li class=\"\">\n<p class=\"\">Comprendre le processus de vente dans l'industrie du bien-\u00eatre<\/p>\n<\/li>\n<li class=\"\">\n<p class=\"\">Ma\u00eetriser la communication verbale, non verbale et visuelle<\/p>\n<\/li>\n<li class=\"\">\n<p class=\"\">Consultation des clients et conseils sur les produits, \u00e9tape par \u00e9tape<\/p>\n<\/li>\n<li class=\"\">\n<p class=\"\">La m\u00e9thode SONCAS (6 principales motivations d'achat)<\/p>\n<\/li>\n<li class=\"\">\n<p class=\"\">Fid\u00e9liser les clients et n\u00e9gocier efficacement<\/p>\n<\/li>\n<li class=\"\">\n<p class=\"\">Auto-\u00e9valuation des comp\u00e9tences en mati\u00e8re de vente<\/p>\n<\/li>\n<li class=\"\">\n<p class=\"\">Identifier et g\u00e9rer le stress sur le lieu de travail<\/p>\n<\/li>\n<li class=\"\">\n<p class=\"\">Conseils pour r\u00e9duire le stress et pr\u00e9venir l'\u00e9puisement professionnel<\/p>\n<\/li>\n<li class=\"\">\n<p class=\"\">Strat\u00e9gies pour retrouver l'\u00e9quilibre et rester motiv\u00e9<\/p>\n<\/li>\n<\/ul>\n<p><strong>Introduction \u00e0 l'anglais professionnel des spas<\/strong><\/p>\n<ul>\n<li class=\"\">\n<p class=\"\">Vocabulaire cl\u00e9 pour les services et traitements de spa<\/p>\n<\/li>\n<li class=\"\">\n<p class=\"\">Accueillir les clients en anglais<\/p>\n<\/li>\n<li class=\"\">\n<p class=\"\">G\u00e9rer l'accueil t\u00e9l\u00e9phonique et en personne en anglais<\/p>\n<\/li>\n<li class=\"\">\n<p class=\"\">Phrases essentielles pour communiquer avec les clients internationaux<\/p>\n<\/li>\n<\/ul>\n<p><strong>Connaissance g\u00e9n\u00e9rale de l'industrie du spa<\/strong><\/p>\n<ul>\n<li class=\"\">\n<p class=\"\">Hygi\u00e8ne et s\u00e9curit\u00e9 dans les spas<\/p>\n<\/li>\n<li class=\"\">\n<p class=\"\">Pr\u00e9vention des accidents et soins aux clients<\/p>\n<\/li>\n<li class=\"\">\n<p class=\"\">Vue d'ensemble de la profession de spa et des possibilit\u00e9s de carri\u00e8re<\/p>\n<\/li>\n<li class=\"\">\n<p class=\"\">Introduction aux technologies et \u00e0 l'\u00e9quipement des spas<\/p>\n<\/li>\n<li class=\"\">\n<p class=\"\">Comprendre l'hydroth\u00e9rapie : saunas, hammams, douches Vichy, hydromassage, baln\u00e9oth\u00e9rapie et jacuzzis.<\/p>\n<\/li>\n<li class=\"\">\n<p class=\"\">Le r\u00f4le de l'eau dans les traitements de bien-\u00eatre<\/p>\n<\/li>\n<li class=\"\">\n<p class=\"\">Histoire et origines du concept de spa<\/p>\n<\/li>\n<\/ul>\n<p><strong>Anatomie, physiologie et pathologie<\/strong><\/p>\n<ul>\n<li class=\"\">\n<p class=\"\">Concepts cl\u00e9s de l'anatomie humaine, de la physiologie et des pathologies courantes<\/p>\n<\/li>\n<li class=\"\">\n<p class=\"\">Comprendre les syst\u00e8mes corporels :<\/p>\n<ul>\n<li class=\"\">\n<p class=\"\">La cellule et les tissus humains<\/p>\n<\/li>\n<li class=\"\">\n<p class=\"\">Syst\u00e8mes nerveux et endocrinien<\/p>\n<\/li>\n<li class=\"\">\n<p class=\"\">Syst\u00e8mes digestif, cardiovasculaire, urinaire, lymphatique et respiratoire<\/p>\n<\/li>\n<li class=\"\">\n<p class=\"\">Syst\u00e8me musculo-squelettique (os et muscles)<\/p>\n<\/li>\n<li class=\"\">\n<p class=\"\">La peau et ses fonctions (syst\u00e8me t\u00e9gumentaire)<\/p>\n<\/li>\n<li class=\"\">\n<p class=\"\">Syst\u00e8me immunitaire<\/p>\n<\/li>\n<li class=\"\">\n<p class=\"\">Syst\u00e8mes reproductifs masculin et f\u00e9minin<\/p>\n<\/li>\n<\/ul>\n<\/li>\n<li class=\"\">\n<p class=\"\">R\u00f4le, positionnement et pathologies associ\u00e9es de chaque syst\u00e8me<\/p>\n<\/li>\n<\/ul>\n                        <\/div>\n\n                    <\/div>\n\n                <\/div><!-- .elementskit-card END -->\n\n                \n                <div class=\"elementskit-card \">\n                    <div class=\"elementskit-card-header\" id=\"primaryHeading-3-92a46f2\">\n                        <a href=\"#collapse-b8dd9ef69f4c26f99c1e\" class=\"ekit-accordion--toggler elementskit-btn-link collapsed\" data-ekit-toggle=\"collapse\" data-target=\"#Collapse-b8dd9ef69f4c26f99c1e\" aria-expanded=\"false\" aria-controls=\"Collapse-b8dd9ef69f4c26f99c1e\">\n                            \n                            <span class=\"ekit-accordion-title\">A qui s&#039;adresse ce cours ?<\/span>\n\n                            \n                                <div class=\"ekit_accordion_icon_group\">\n                                    <div class=\"ekit_accordion_normal_icon\">\n                                        <!-- Normal Icon -->\n\t\t\t\t\t\t\t\t\t\t<i class=\"icon icon-down-arrow1\"><\/i>                                    <\/div>\n\n                                    <div class=\"ekit_accordion_active_icon\">\n                                        <!-- Active Icon -->\n\t\t\t\t\t\t\t\t\t\t<i class=\"icon icon-up-arrow\"><\/i>                                    <\/div>\n                                <\/div>\n\n                            \n                                                    <\/a>\n                    <\/div>\n\n                    <div id=\"Collapse-b8dd9ef69f4c26f99c1e\" class=\" collapse\" aria-labelledby=\"primaryHeading-3-92a46f2\" data-parent=\"#accordion-69f4c26f99c1e\">\n\n                        <div class=\"elementskit-card-body ekit-accordion--content\">\n                            <ul>\n<li class=\"\">\n<p class=\"\">Les futurs professionnels du spa et du bien-\u00eatre.<\/p>\n<\/li>\n<li class=\"\">\n<p class=\"\">Les esth\u00e9ticiennes qui souhaitent \u00e9largir leur champ de comp\u00e9tences.<\/p>\n<\/li>\n<li class=\"\">\n<p class=\"\">Praticiens de massage souhaitant se sp\u00e9cialiser dans les techniques de spa.<\/p>\n<\/li>\n<li class=\"\">\n<p class=\"\">Toute personne passionn\u00e9e par le bien-\u00eatre, la d\u00e9tente et le service \u00e0 la client\u00e8le.<\/p>\n<\/li>\n<\/ul>\n                        <\/div>\n\n                    <\/div>\n\n                <\/div><!-- .elementskit-card END -->\n\n                                        <\/div>\n    <\/div>\t\t\t\t<\/div>\n\t\t\t\t<\/div>\n\t\t\t\t<div class=\"elementor-element elementor-element-c171ca6 elementor-widget elementor-widget-text-editor\" data-id=\"c171ca6\" data-element_type=\"widget\" data-e-type=\"widget\" data-widget_type=\"text-editor.default\">\n\t\t\t\t<div class=\"elementor-widget-container\">\n\t\t\t\t\t\t\t\t\t<p data-start=\"4706\" data-end=\"4752\"><strong>Lieu :<\/strong> Acad\u00e9mie Clarissaglow  <\/p><p data-start=\"4706\" data-end=\"4752\"><strong>Dur\u00e9e du stage : <\/strong>336 heures (3 mois)<\/p><p data-start=\"4782\" data-end=\"4865\"><strong>Certification : <\/strong>\u00c0 la fin de la formation, vous recevrez le dipl\u00f4me officiel de Spa Practitioner, qui certifie vos comp\u00e9tences et connaissances professionnelles.<\/p><ul data-start=\"984\" data-end=\"1181\"><li class=\"\" data-start=\"984\" data-end=\"1181\"><p class=\"\" data-start=\"986\" data-end=\"1019\">Exigences en mati\u00e8re de certification :<\/p><ul data-start=\"1022\" data-end=\"1181\"><li class=\"\" data-start=\"1022\" data-end=\"1052\"><p class=\"\" data-start=\"1024\" data-end=\"1052\">90% de pr\u00e9sence au minimum<\/p><\/li><li class=\"\" data-start=\"1055\" data-end=\"1126\"><p class=\"\" data-start=\"1057\" data-end=\"1126\">Participation active aux sessions pratiques et th\u00e9oriques<\/p><\/li><li class=\"\" data-start=\"1129\" data-end=\"1181\"><p class=\"\" data-start=\"1131\" data-end=\"1181\">R\u00e9ussir les \u00e9valuations finales<\/p><\/li><\/ul><\/li><\/ul><p data-start=\"423\" data-end=\"479\"><strong>Date et prix : Contactez-nous pour plus d&rsquo;informations <span style=\"color: #805b3f;\">: <a style=\"color: #805b3f;\" href=\"tel:+41%2076%20802%209983\">+41 76 802 9983<\/a> <\/span> <\/strong><\/p><p data-start=\"423\" data-end=\"479\"><strong>Abonnement : <span style=\"color: #805b3f;\"><a style=\"color: #805b3f;\" href=\"mailto:academy@clarissaglow.ch\">academy@clarissaglow.ch<\/a><\/span><\/strong><\/p>\t\t\t\t\t\t\t\t<\/div>\n\t\t\t\t<\/div>\n\t\t\t\t<\/div>\n\t\t\t\t\t<\/div>\n\t\t\t\t<\/div>\n\t\t\t\t<\/div>\n\t\t","protected":false},"featured_media":50751,"template":"","meta":{"_acf_changed":false},"course_type":[146],"class_list":["post-65955","course","type-course","status-publish","has-post-thumbnail","hentry","course_type-therapeutic-fr"],"acf":[],"yoast_head":"<!-- This site is optimized with the Yoast SEO plugin v27.4 - https:\/\/yoast.com\/product\/yoast-seo-wordpress\/ -->\n<title>Cours de Spa Practitioner - Formation de 3 mois \u00e0 Gen\u00e8ve<\/title>\n<meta name=\"description\" content=\"Ma\u00eetrisez les massages et les rituels de spa gr\u00e2ce \u00e0 notre formation de 3 mois de Praticien en Spa \u00e0 Gen\u00e8ve. Obtenez votre dipl\u00f4me et commencez une carri\u00e8re r\u00e9ussie dans le domaine du bien-\u00eatre.\" \/>\n<meta name=\"robots\" content=\"index, follow, max-snippet:-1, max-image-preview:large, max-video-preview:-1\" \/>\n<link rel=\"canonical\" href=\"https:\/\/academy.clarissaglow.ch\/fr\/course\/cours-de-spa-practitioner\/\" \/>\n<meta property=\"og:locale\" content=\"fr_FR\" \/>\n<meta property=\"og:type\" content=\"article\" \/>\n<meta property=\"og:title\" content=\"Cours de Spa Practitioner - Formation de 3 mois \u00e0 Gen\u00e8ve\" \/>\n<meta property=\"og:description\" content=\"Ma\u00eetrisez les massages et les rituels de spa gr\u00e2ce \u00e0 notre formation de 3 mois de Praticien en Spa \u00e0 Gen\u00e8ve. Obtenez votre dipl\u00f4me et commencez une carri\u00e8re r\u00e9ussie dans le domaine du bien-\u00eatre.\" \/>\n<meta property=\"og:url\" content=\"https:\/\/academy.clarissaglow.ch\/fr\/course\/cours-de-spa-practitioner\/\" \/>\n<meta property=\"og:site_name\" content=\"Clarissaglow Academy\" \/>\n<meta property=\"article:publisher\" content=\"https:\/\/www.facebook.com\/profile.php?id=61557027672261\" \/>\n<meta property=\"article:modified_time\" content=\"2026-04-02T17:33:06+00:00\" \/>\n<meta property=\"og:image\" content=\"https:\/\/academy.clarissaglow.ch\/wp-content\/uploads\/2024\/01\/Pictures-6-1024x1024.png\" \/>\n\t<meta property=\"og:image:width\" content=\"1024\" \/>\n\t<meta property=\"og:image:height\" content=\"1024\" \/>\n\t<meta property=\"og:image:type\" content=\"image\/png\" \/>\n<meta name=\"twitter:card\" content=\"summary_large_image\" \/>\n<meta name=\"twitter:label1\" content=\"Dur\u00e9e de lecture estim\u00e9e\" \/>\n\t<meta name=\"twitter:data1\" content=\"5 minutes\" \/>\n<script type=\"application\/ld+json\" class=\"yoast-schema-graph\">{\"@context\":\"https:\\\/\\\/schema.org\",\"@graph\":[{\"@type\":\"WebPage\",\"@id\":\"https:\\\/\\\/academy.clarissaglow.ch\\\/fr\\\/course\\\/cours-de-spa-practitioner\\\/\",\"url\":\"https:\\\/\\\/academy.clarissaglow.ch\\\/fr\\\/course\\\/cours-de-spa-practitioner\\\/\",\"name\":\"Cours de Spa Practitioner - Formation de 3 mois \u00e0 Gen\u00e8ve\",\"isPartOf\":{\"@id\":\"https:\\\/\\\/academy.clarissaglow.ch\\\/fr\\\/#website\"},\"primaryImageOfPage\":{\"@id\":\"https:\\\/\\\/academy.clarissaglow.ch\\\/fr\\\/course\\\/cours-de-spa-practitioner\\\/#primaryimage\"},\"image\":{\"@id\":\"https:\\\/\\\/academy.clarissaglow.ch\\\/fr\\\/course\\\/cours-de-spa-practitioner\\\/#primaryimage\"},\"thumbnailUrl\":\"https:\\\/\\\/academy.clarissaglow.ch\\\/wp-content\\\/uploads\\\/2024\\\/01\\\/Pictures-6.png\",\"datePublished\":\"2025-06-01T05:38:19+00:00\",\"dateModified\":\"2026-04-02T17:33:06+00:00\",\"description\":\"Ma\u00eetrisez les massages et les rituels de spa gr\u00e2ce \u00e0 notre formation de 3 mois de Praticien en Spa \u00e0 Gen\u00e8ve. Obtenez votre dipl\u00f4me et commencez une carri\u00e8re r\u00e9ussie dans le domaine du bien-\u00eatre.\",\"breadcrumb\":{\"@id\":\"https:\\\/\\\/academy.clarissaglow.ch\\\/fr\\\/course\\\/cours-de-spa-practitioner\\\/#breadcrumb\"},\"inLanguage\":\"fr-FR\",\"potentialAction\":[{\"@type\":\"ReadAction\",\"target\":[\"https:\\\/\\\/academy.clarissaglow.ch\\\/fr\\\/course\\\/cours-de-spa-practitioner\\\/\"]}]},{\"@type\":\"ImageObject\",\"inLanguage\":\"fr-FR\",\"@id\":\"https:\\\/\\\/academy.clarissaglow.ch\\\/fr\\\/course\\\/cours-de-spa-practitioner\\\/#primaryimage\",\"url\":\"https:\\\/\\\/academy.clarissaglow.ch\\\/wp-content\\\/uploads\\\/2024\\\/01\\\/Pictures-6.png\",\"contentUrl\":\"https:\\\/\\\/academy.clarissaglow.ch\\\/wp-content\\\/uploads\\\/2024\\\/01\\\/Pictures-6.png\",\"width\":2048,\"height\":2048},{\"@type\":\"BreadcrumbList\",\"@id\":\"https:\\\/\\\/academy.clarissaglow.ch\\\/fr\\\/course\\\/cours-de-spa-practitioner\\\/#breadcrumb\",\"itemListElement\":[{\"@type\":\"ListItem\",\"position\":1,\"name\":\"Home\",\"item\":\"https:\\\/\\\/academy.clarissaglow.ch\\\/fr\\\/\"},{\"@type\":\"ListItem\",\"position\":2,\"name\":\"Cours de Spa Practitioner\"}]},{\"@type\":\"WebSite\",\"@id\":\"https:\\\/\\\/academy.clarissaglow.ch\\\/fr\\\/#website\",\"url\":\"https:\\\/\\\/academy.clarissaglow.ch\\\/fr\\\/\",\"name\":\"academy.clarissaglow.ch\",\"description\":\"Professional Training in Massage &amp; Aesthetics.\",\"publisher\":{\"@id\":\"https:\\\/\\\/academy.clarissaglow.ch\\\/fr\\\/#organization\"},\"potentialAction\":[{\"@type\":\"SearchAction\",\"target\":{\"@type\":\"EntryPoint\",\"urlTemplate\":\"https:\\\/\\\/academy.clarissaglow.ch\\\/fr\\\/?s={search_term_string}\"},\"query-input\":{\"@type\":\"PropertyValueSpecification\",\"valueRequired\":true,\"valueName\":\"search_term_string\"}}],\"inLanguage\":\"fr-FR\"},{\"@type\":\"Organization\",\"@id\":\"https:\\\/\\\/academy.clarissaglow.ch\\\/fr\\\/#organization\",\"name\":\"academy.clarissaglow.ch\",\"url\":\"https:\\\/\\\/academy.clarissaglow.ch\\\/fr\\\/\",\"logo\":{\"@type\":\"ImageObject\",\"inLanguage\":\"fr-FR\",\"@id\":\"https:\\\/\\\/academy.clarissaglow.ch\\\/fr\\\/#\\\/schema\\\/logo\\\/image\\\/\",\"url\":\"https:\\\/\\\/academy.clarissaglow.ch\\\/wp-content\\\/uploads\\\/2024\\\/01\\\/Logo-31.png\",\"contentUrl\":\"https:\\\/\\\/academy.clarissaglow.ch\\\/wp-content\\\/uploads\\\/2024\\\/01\\\/Logo-31.png\",\"width\":500,\"height\":500,\"caption\":\"academy.clarissaglow.ch\"},\"image\":{\"@id\":\"https:\\\/\\\/academy.clarissaglow.ch\\\/fr\\\/#\\\/schema\\\/logo\\\/image\\\/\"},\"sameAs\":[\"https:\\\/\\\/www.facebook.com\\\/profile.php?id=61557027672261\"]}]}<\/script>\n<!-- \/ Yoast SEO plugin. -->","yoast_head_json":{"title":"Cours de Spa Practitioner - Formation de 3 mois \u00e0 Gen\u00e8ve","description":"Ma\u00eetrisez les massages et les rituels de spa gr\u00e2ce \u00e0 notre formation de 3 mois de Praticien en Spa \u00e0 Gen\u00e8ve. Obtenez votre dipl\u00f4me et commencez une carri\u00e8re r\u00e9ussie dans le domaine du bien-\u00eatre.","robots":{"index":"index","follow":"follow","max-snippet":"max-snippet:-1","max-image-preview":"max-image-preview:large","max-video-preview":"max-video-preview:-1"},"canonical":"https:\/\/academy.clarissaglow.ch\/fr\/course\/cours-de-spa-practitioner\/","og_locale":"fr_FR","og_type":"article","og_title":"Cours de Spa Practitioner - Formation de 3 mois \u00e0 Gen\u00e8ve","og_description":"Ma\u00eetrisez les massages et les rituels de spa gr\u00e2ce \u00e0 notre formation de 3 mois de Praticien en Spa \u00e0 Gen\u00e8ve. Obtenez votre dipl\u00f4me et commencez une carri\u00e8re r\u00e9ussie dans le domaine du bien-\u00eatre.","og_url":"https:\/\/academy.clarissaglow.ch\/fr\/course\/cours-de-spa-practitioner\/","og_site_name":"Clarissaglow Academy","article_publisher":"https:\/\/www.facebook.com\/profile.php?id=61557027672261","article_modified_time":"2026-04-02T17:33:06+00:00","og_image":[{"width":1024,"height":1024,"url":"https:\/\/academy.clarissaglow.ch\/wp-content\/uploads\/2024\/01\/Pictures-6-1024x1024.png","type":"image\/png"}],"twitter_card":"summary_large_image","twitter_misc":{"Dur\u00e9e de lecture estim\u00e9e":"5 minutes"},"schema":{"@context":"https:\/\/schema.org","@graph":[{"@type":"WebPage","@id":"https:\/\/academy.clarissaglow.ch\/fr\/course\/cours-de-spa-practitioner\/","url":"https:\/\/academy.clarissaglow.ch\/fr\/course\/cours-de-spa-practitioner\/","name":"Cours de Spa Practitioner - Formation de 3 mois \u00e0 Gen\u00e8ve","isPartOf":{"@id":"https:\/\/academy.clarissaglow.ch\/fr\/#website"},"primaryImageOfPage":{"@id":"https:\/\/academy.clarissaglow.ch\/fr\/course\/cours-de-spa-practitioner\/#primaryimage"},"image":{"@id":"https:\/\/academy.clarissaglow.ch\/fr\/course\/cours-de-spa-practitioner\/#primaryimage"},"thumbnailUrl":"https:\/\/academy.clarissaglow.ch\/wp-content\/uploads\/2024\/01\/Pictures-6.png","datePublished":"2025-06-01T05:38:19+00:00","dateModified":"2026-04-02T17:33:06+00:00","description":"Ma\u00eetrisez les massages et les rituels de spa gr\u00e2ce \u00e0 notre formation de 3 mois de Praticien en Spa \u00e0 Gen\u00e8ve. Obtenez votre dipl\u00f4me et commencez une carri\u00e8re r\u00e9ussie dans le domaine du bien-\u00eatre.","breadcrumb":{"@id":"https:\/\/academy.clarissaglow.ch\/fr\/course\/cours-de-spa-practitioner\/#breadcrumb"},"inLanguage":"fr-FR","potentialAction":[{"@type":"ReadAction","target":["https:\/\/academy.clarissaglow.ch\/fr\/course\/cours-de-spa-practitioner\/"]}]},{"@type":"ImageObject","inLanguage":"fr-FR","@id":"https:\/\/academy.clarissaglow.ch\/fr\/course\/cours-de-spa-practitioner\/#primaryimage","url":"https:\/\/academy.clarissaglow.ch\/wp-content\/uploads\/2024\/01\/Pictures-6.png","contentUrl":"https:\/\/academy.clarissaglow.ch\/wp-content\/uploads\/2024\/01\/Pictures-6.png","width":2048,"height":2048},{"@type":"BreadcrumbList","@id":"https:\/\/academy.clarissaglow.ch\/fr\/course\/cours-de-spa-practitioner\/#breadcrumb","itemListElement":[{"@type":"ListItem","position":1,"name":"Home","item":"https:\/\/academy.clarissaglow.ch\/fr\/"},{"@type":"ListItem","position":2,"name":"Cours de Spa Practitioner"}]},{"@type":"WebSite","@id":"https:\/\/academy.clarissaglow.ch\/fr\/#website","url":"https:\/\/academy.clarissaglow.ch\/fr\/","name":"academy.clarissaglow.ch","description":"Professional Training in Massage &amp; Aesthetics.","publisher":{"@id":"https:\/\/academy.clarissaglow.ch\/fr\/#organization"},"potentialAction":[{"@type":"SearchAction","target":{"@type":"EntryPoint","urlTemplate":"https:\/\/academy.clarissaglow.ch\/fr\/?s={search_term_string}"},"query-input":{"@type":"PropertyValueSpecification","valueRequired":true,"valueName":"search_term_string"}}],"inLanguage":"fr-FR"},{"@type":"Organization","@id":"https:\/\/academy.clarissaglow.ch\/fr\/#organization","name":"academy.clarissaglow.ch","url":"https:\/\/academy.clarissaglow.ch\/fr\/","logo":{"@type":"ImageObject","inLanguage":"fr-FR","@id":"https:\/\/academy.clarissaglow.ch\/fr\/#\/schema\/logo\/image\/","url":"https:\/\/academy.clarissaglow.ch\/wp-content\/uploads\/2024\/01\/Logo-31.png","contentUrl":"https:\/\/academy.clarissaglow.ch\/wp-content\/uploads\/2024\/01\/Logo-31.png","width":500,"height":500,"caption":"academy.clarissaglow.ch"},"image":{"@id":"https:\/\/academy.clarissaglow.ch\/fr\/#\/schema\/logo\/image\/"},"sameAs":["https:\/\/www.facebook.com\/profile.php?id=61557027672261"]}]}},"jetpack_sharing_enabled":true,"rttpg_featured_image_url":{"full":["https:\/\/academy.clarissaglow.ch\/wp-content\/uploads\/2024\/01\/Pictures-6.png",2048,2048,false],"landscape":["https:\/\/academy.clarissaglow.ch\/wp-content\/uploads\/2024\/01\/Pictures-6.png",2048,2048,false],"portraits":["https:\/\/academy.clarissaglow.ch\/wp-content\/uploads\/2024\/01\/Pictures-6.png",2048,2048,false],"thumbnail":["https:\/\/academy.clarissaglow.ch\/wp-content\/uploads\/2024\/01\/Pictures-6-150x150.png",150,150,true],"medium":["https:\/\/academy.clarissaglow.ch\/wp-content\/uploads\/2024\/01\/Pictures-6-300x300.png",300,300,true],"large":["https:\/\/academy.clarissaglow.ch\/wp-content\/uploads\/2024\/01\/Pictures-6-1024x1024.png",800,800,true],"1536x1536":["https:\/\/academy.clarissaglow.ch\/wp-content\/uploads\/2024\/01\/Pictures-6-1536x1536.png",1536,1536,true],"2048x2048":["https:\/\/academy.clarissaglow.ch\/wp-content\/uploads\/2024\/01\/Pictures-6.png",2048,2048,false],"mailpoet_newsletter_max":["https:\/\/academy.clarissaglow.ch\/wp-content\/uploads\/2024\/01\/Pictures-6.png",1320,1320,false],"woocommerce_thumbnail":["https:\/\/academy.clarissaglow.ch\/wp-content\/uploads\/2024\/01\/Pictures-6-300x300.png",300,300,true],"woocommerce_single":["https:\/\/academy.clarissaglow.ch\/wp-content\/uploads\/2024\/01\/Pictures-6-600x600.png",600,600,true],"woocommerce_gallery_thumbnail":["https:\/\/academy.clarissaglow.ch\/wp-content\/uploads\/2024\/01\/Pictures-6-100x100.png",100,100,true],"rt_custom":["https:\/\/academy.clarissaglow.ch\/wp-content\/uploads\/2024\/01\/Pictures-6.png",2048,2048,false]},"rttpg_author":{"display_name":"Clarissaglow Academy","author_link":"https:\/\/academy.clarissaglow.ch\/fr\/author\/"},"rttpg_comment":0,"rttpg_category":" <a href=\"https:\/\/academy.clarissaglow.ch\/fr\/type-de-cours\/therapeutic-fr\/\" rel=\"tag\">Therapeutic<\/a>","rttpg_excerpt":"Spa Practitioner Course &#8211; Formation professionnelle de 3 mois Ma\u00eetrisez l&rsquo;expertise du spa et du bien-\u00eatre en seulement 3 mois et boostez votre carri\u00e8re avec un dipl\u00f4me certifi\u00e9 Vous souhaitez construire une carri\u00e8re r\u00e9ussie dans l&rsquo;industrie du spa et du bien-\u00eatre ? Notre cours de Spa Practitioner \u00e0 Gen\u00e8ve offre un programme complet de formation\u2026","_links":{"self":[{"href":"https:\/\/academy.clarissaglow.ch\/fr\/wp-json\/wp\/v2\/course\/65955","targetHints":{"allow":["GET"]}}],"collection":[{"href":"https:\/\/academy.clarissaglow.ch\/fr\/wp-json\/wp\/v2\/course"}],"about":[{"href":"https:\/\/academy.clarissaglow.ch\/fr\/wp-json\/wp\/v2\/types\/course"}],"version-history":[{"count":14,"href":"https:\/\/academy.clarissaglow.ch\/fr\/wp-json\/wp\/v2\/course\/65955\/revisions"}],"predecessor-version":[{"id":72729,"href":"https:\/\/academy.clarissaglow.ch\/fr\/wp-json\/wp\/v2\/course\/65955\/revisions\/72729"}],"wp:featuredmedia":[{"embeddable":true,"href":"https:\/\/academy.clarissaglow.ch\/fr\/wp-json\/wp\/v2\/media\/50751"}],"wp:attachment":[{"href":"https:\/\/academy.clarissaglow.ch\/fr\/wp-json\/wp\/v2\/media?parent=65955"}],"wp:term":[{"taxonomy":"course_type","embeddable":true,"href":"https:\/\/academy.clarissaglow.ch\/fr\/wp-json\/wp\/v2\/course_type?post=65955"}],"curies":[{"name":"wp","href":"https:\/\/api.w.org\/{rel}","templated":true}]}}